{"id":20587,"date":"2022-03-08T12:08:18","date_gmt":"2022-03-08T11:08:18","guid":{"rendered":"https:\/\/www.diocesidiroma.it\/camminosinodale\/?page_id=20587"},"modified":"2023-10-17T14:06:10","modified_gmt":"2023-10-17T12:06:10","slug":"il-cammino-sinodale-2021-2022","status":"publish","type":"page","link":"https:\/\/www.diocesidiroma.it\/camminosinodale\/index.php\/il-cammino-sinodale-2021-2022\/","title":{"rendered":"Il Cammino Sinodale 2021-2022"},"content":{"rendered":"<div id=\"td_uid_1_69f143a7ae1fb\" class=\"tdc-row stretch_row_content td-stretch-content\"><div class=\"vc_row td_uid_1_69f143a7ae201_rand  wpb_row td-pb-row\" ><div class=\"vc_column td_uid_2_69f143a7ae2f9_rand  wpb_column vc_column_container tdc-column td-pb-span9\"><div class=\"wpb_wrapper\"><div class=\"td_block_wrap td_block_text_with_title td_uid_3_69f143a7ae37c_rand td-pb-border-top td_block_template_10\"  data-td-block-uid=\"td_uid_3_69f143a7ae37c\" ><div class=\"td-block-title-wrap\"><h4 class=\"td-block-title\"><span class=\"td-pulldown-size\">Il Cammino Sinodale<\/span><\/h4><\/div><div class=\"td_mod_wrap td-fix-index\"><p>Papa Francesco Vescovo di Roma ricordava alla Chiesa diocesana riunita intorno a lui il 18 settembre 2021, che la <strong>sinodalit\u00e0<\/strong> non \u00e8 il capitolo di un trattato di ecclesiologia, e tanto meno uno slogan. La sinodalit\u00e0 esprime la <strong>natura<\/strong> della Chiesa, la sua <strong>forma<\/strong>, il suo <strong>stile <\/strong>e la sua <strong>missione<\/strong>. Queste caratteristiche le ritroviamo nella <strong>Parola di Dio<\/strong> e nella <strong>Tradizione della Chiesa<\/strong>. La Diocesi di Roma, in comunione con tutte le altre Chiese, ha intrapreso il <strong>Cammino sinodale<\/strong> con le sue fasi.<\/p>\n<p><strong>La prima fase<\/strong>: di reciproco ascolto attraverso la <strong>consultazione<\/strong> di tutto il popolo di Dio che \u00e8 in Roma, chiamato a rispondere alla domanda fondamentale: <strong>cosa sta dicendo lo Spirito alla nostra Chiesa?<\/strong> Tale fase occupa la fine del 2021 fino al 31 marzo del 2022. Tuttavia, le singole comunit\u00e0 parrocchiali e le realt\u00e0 della Diocesi, sono invitate a proseguire in questo stile dell\u2019ascolto sinodale.<\/p>\n<p><strong>La seconda fase:<\/strong> \u00e8 introdotta dalla <strong>sintesi<\/strong> frutto della consultazione diocesana, da presentare alla Conferenza Episcopale Italiana. La CEI, a sua volta, consegner\u00e0 la sintesi alla Segreteria del Sinodo dei Vescovi insieme a quelle delle Chiese di tutti i continenti.<\/p>\n<p>La <strong>terza fase:<\/strong> il <strong>Sinodo dei Vescovi<\/strong> che sar\u00e0 celebrato nell\u2019ottobre del 2023. Per sostenere il Cammino della Diocesi, il Cardinale Vicario Angelo De Donatis, ha costituito una <strong>\u00c9quipe sinodale Diocesana<\/strong> composta da Vescovi ausiliari, sacerdoti, consacrati e fedeli laici impegnati nelle diverse realt\u00e0 ecclesiali. Inoltre, ha incaricato <strong>due Referenti<\/strong> con il compito di raccordare il cammino diocesano con quello della Chiesa italiana.<\/p>\n<p>Sono venti i <strong>membri dell\u2019\u00e9quipe sinodale diocesana<\/strong>. Per contattarli, sono a disposizione un indirizzo email, <strong>equipesinodale@diocesidiroma.it<\/strong> e un numero di telefono: <strong>0669886206<\/strong>.<\/p>\n<\/div><\/div><\/div><\/div><div class=\"vc_column td_uid_4_69f143a7ae6f2_rand  wpb_column vc_column_container tdc-column td-pb-span3\"><div class=\"wpb_wrapper\"><div class=\"wpb_wrapper td_block_wrap vc_widget_sidebar td_uid_5_69f143a7ae71e_rand \" ><aside class=\"widget_text td_block_template_10 widget widget_custom_html\"><h4 class=\"td-block-title\"><span>Contatti<\/span><\/h4><div class=\"textwidget custom-html-widget\"><table style=\"text-align: center;\">\r\n<tbody>\r\n<tr>\r\n<td style=\"width: 100%; border: none; font-size: larger;\"><b><a href=\"https:\/\/www.diocesidiroma.it\/camminosinodale\/index.php\/contatta-i-nostri-uffici\/\"><input name=\"button\" value=\"Scrivi alla Segreteria Generale del Cammino Sinodale\" style=\"color:#000000; background-color: #25d366;border-radius: 10px;font-size: 16px;;width: -webkit-fill-available\" type=\"submit\"><\/a><br> <br>telefono: 0669886206<\/b><\/td>\r\n\t<\/tr>\r\n\t<tr>\r\n<td style=\"width: 30%; border: none; \"> <br>\r\n\t\t<script>\r\n\t\t\twindow.addEventListener('DOMContentLoaded', () => {\r\n\t\t\t\tvar mobileDetect = \/Android|webOS|iPhone|iPod|BlackBerry|IEMobile|Opera Mini\/i.test(navigator.userAgent),\r\n\t\t\t\t\tbtnRnd = document.querySelector('.cresta-whatsapp-chat-button.click-907');\r\n\t\t\t\tif (mobileDetect) {\r\n\t\t\t\t\tbtnRnd.querySelector('.cresta-whatsapp-chat-container-button').style.display = 'none';\r\n\t\t\t\t\tbtnRnd.addEventListener('click', () => {\r\n\t\t\t\t\t\twindow.location = 'whatsapp:\/\/send?text=&phone=+393316552350&abid=+393316552350';\r\n\t\t\t\t\t})\r\n\t\t\t\t} else {\r\n\t\t\t\t\tbtnRnd.addEventListener('click', () => {\r\n\t\t\t\t\t\tif (btnRnd.querySelector('.cresta-whatsapp-chat-container-button').classList.contains('open')) {\r\n\t\t\t\t\t\t\tbtnRnd.querySelector('.cresta-whatsapp-chat-container-button').classList.remove('open');\r\n\t\t\t\t\t\t} else {\r\n\t\t\t\t\t\t\tbtnRnd.querySelector('.cresta-whatsapp-chat-container-button').classList.add('open');\r\n\t\t\t\t\t\t\tsetTimeout (function () {\r\n\t\t\t\t\t\t\t\tbtnRnd.querySelector('textarea.cresta-whatsapp-textarea').focus();\r\n\t\t\t\t\t\t\t}, 100);\r\n\t\t\t\t\t\t}\r\n\t\t\t\t\t})\r\n\t\t\t\t\tbtnRnd.querySelector('.cresta-whatsapp-chat-container-button').addEventListener('click', e => {\r\n\t\t\t\t\t\te.stopPropagation();\r\n\t\t\t\t\t})\r\n\t\t\t\t\tbtnRnd.querySelector('.cresta-whatsapp-chat-container-button .cresta-whatsapp-send').addEventListener('click', () => {\r\n\t\t\t\t\t\tvar baseUrl = 'https:\/\/web.whatsapp.com\/send?phone=+393316552350&text=',\r\n\t\t\t\t\t\t\ttextEncode = encodeURIComponent(btnRnd.querySelector('.cresta-whatsapp-textarea').value);\r\n\t\t\t\t\t\twindow.open(baseUrl + textEncode, '_blank');\r\n\t\t\t\t\t})\r\n\t\t\t\t}\r\n\t\t\t});\r\n\t\t<\/script>\r\n\t\t<div class='cresta-whatsapp-chat-button click-907'>\r\n\t\t\t<svg id=\"whatsapp-msng-icon-button\" data-name=\"whatsapp icon\" xmlns=\"http:\/\/www.w3.org\/2000\/svg\" viewBox=\"0 0 800 800\"><path d=\"M519 454c4 2 7 10-1 31-6 16-33 29-49 29-96 0-189-113-189-167 0-26 9-39 18-48 8-9 14-10 18-10h12c4 0 9 0 13 10l19 44c5 11-9 25-15 31-3 3-6 7-2 13 25 39 41 51 81 71 6 3 10 1 13-2l19-24c5-6 9-4 13-2zM401 200c-110 0-199 90-199 199 0 68 35 113 35 113l-20 74 76-20s42 32 108 32c110 0 199-89 199-199 0-111-89-199-199-199zm0-40c133 0 239 108 239 239 0 132-108 239-239 239-67 0-114-29-114-29l-127 33 34-124s-32-49-32-119c0-131 108-239 239-239z\" style=\"fill:#ffffff\"\/><\/svg>\r\n\t\t\t<span>Contattaci via Whatsapp<\/span>\r\n\t\t\t<div class='cresta-whatsapp-chat-container-button bottom'>\r\n\t\t\t\t<div class=\"cresta-whatsapp-chat-top-header\"><span>Scrivi il messaggio<\/span><\/div>\r\n\t\t\t\t<div class='cresta-whatsapp-inner'>\r\n\t\t\t\t\t<textarea class='cresta-whatsapp-textarea' placeholder='Ciao! Usa questa casella per inviare un messaggio tramite WhatsApp...'><\/textarea>\r\n\t\t\t\t<\/div>\r\n\t\t\t\t<div class='cresta-whatsapp-to-send'>\r\n\t\t\t\t\t<div class='cresta-whatsapp-send'>Spedisci via WhatsApp<svg version='1.1' id='whatsapp-msng-icon-send' xmlns='http:\/\/www.w3.org\/2000\/svg' xmlns:xlink='http:\/\/www.w3.org\/1999\/xlink' x='0px' y='0px' width='20px' height='12px' viewBox='0 0 14 26' enable-background='new 0 0 14 26' xml:space='preserve'> <path d='M1,0c0.256,0,0.512,0.098,0.707,0.293l12,12c0.391,0.391,0.391,1.023,0,1.414l-12,12c-0.391,0.391-1.023,0.391-1.414,0s-0.391-1.023,0-1.414L11.586,13L0.293,1.707c-0.391-0.391-0.391-1.023,0-1.414C0.488,0.098,0.744,0,1,0z' style='fill: none; stroke-width:3; stroke: #ffffff'\/><\/svg><\/div>\r\n\t\t\t\t<\/div>\r\n\t\t\t<\/div>\r\n\t\t<\/div>\r\n\t\t<\/td>\r\n<\/tr>\r\n\t<style>\r\n\t.widget {\r\n    overflow: inherit;\r\n}\r\n\t\t.cresta-whatsapp-chat-button {\r\n\t\t\tcolor: #000000;\r\n\t\t}\r\n\t<\/style>\r\n<\/tbody>\r\n<\/table><\/div><\/aside><aside class=\"widget_text td_block_template_10 widget widget_custom_html\"><h4 class=\"td-block-title\"><span>Men\u00f9<\/span><\/h4><div class=\"textwidget custom-html-widget\"><div class=\"td_block_wrap td_block_list_menu td_uid_6_69f143a7ae876_rand td-pb-border-top td_block_template_10 widget\"  data-td-block-uid=\"td_uid_6_69f143a7ae876\" >\n<style>\n\n\/* custom css *\/\n.td_uid_6_69f143a7ae876_rand a {\r\n\t\t\t\t\tcolor: #bf0101;\r\n\t\t\t\t}\r\n\t\t\t\t\r\n\t\t\t\t.td_uid_6_69f143a7ae876_rand a {\r\n\t\t\t\t\tfont-size:22px !important;font-weight:600 !important;\r\n\t\t\t\t}\n<\/style><div class=\"td-block-title-wrap\"><\/div><div id=td_uid_6_69f143a7ae876 class=\"td_block_inner td-fix-index\"><div class=\"menu-cammino_sinodale_2023_2024-container\"><ul id=\"menu-cammino_sinodale_2023_2024\" class=\"menu\"><li id=\"menu-item-23186\" class=\"menu-item menu-item-type-custom menu-item-object-custom menu-item-home menu-item-23186\"><a href=\"https:\/\/www.diocesidiroma.it\/camminosinodale\/\">Cammino Sinodale 2003-2024<\/a><\/li>\n<li id=\"menu-item-23185\" class=\"menu-item menu-item-type-post_type menu-item-object-page menu-item-23185\"><a href=\"https:\/\/www.diocesidiroma.it\/camminosinodale\/index.php\/notizie-23-24\/\">Notizie<\/a><\/li>\n<li id=\"menu-item-23184\" class=\"menu-item menu-item-type-post_type menu-item-object-page menu-item-23184\"><a href=\"https:\/\/www.diocesidiroma.it\/camminosinodale\/index.php\/documenti-cammino-sinodale-24-25\/\">Documenti<\/a><\/li>\n<\/ul><\/div><\/div><\/div> <!-- .\/block -->\r\n<ul style=\"width: 100%; border: none; font-size: larger;\"><b><a href=\"https:\/\/www.diocesidiroma.it\/camminosinodale\/index.php\/faq\/\"><input name=\"button\" value=\"FAQ su Nuovo ''Consiglio Pastorale Parrocchiale  (CPP)''\" style=\"color:#000000; background-color: #25d366;border-radius: 10px;font-size: 16px;;width: -webkit-fill-available\" type=\"submit\"><\/a><\/b>\r\n<\/ul><\/div><\/aside><aside class=\"widget_text td_block_template_10 widget widget_custom_html\"><div class=\"textwidget custom-html-widget\"><br>\r\n\r\n<br>\r\n<br><\/div><\/aside><aside class=\"widget_text td_block_template_10 widget widget_custom_html\"><h4 class=\"td-block-title\"><span>Cammino Sinodale 2021 &#8211; 2022<\/span><\/h4><div class=\"textwidget custom-html-widget\"><div class=\"td_block_wrap td_block_list_menu td_uid_7_69f143a7afca9_rand td-pb-border-top td_block_template_10 widget\"  data-td-block-uid=\"td_uid_7_69f143a7afca9\" >\n<style>\n\n\/* custom css *\/\n.td_uid_7_69f143a7afca9_rand a {\r\n\t\t\t\t\tcolor: #bf0101;\r\n\t\t\t\t}\r\n\t\t\t\t\r\n\t\t\t\t.td_uid_7_69f143a7afca9_rand a {\r\n\t\t\t\t\tfont-size:22px !important;font-weight:600 !important;\r\n\t\t\t\t}\n<\/style><div class=\"td-block-title-wrap\"><\/div><div id=td_uid_7_69f143a7afca9 class=\"td_block_inner td-fix-index\"><div class=\"menu-cammino_sinodale_2021-2022-container\"><ul id=\"menu-cammino_sinodale_2021-2022\" class=\"menu\"><li id=\"menu-item-22909\" class=\"menu-item menu-item-type-post_type menu-item-object-page menu-item-22909\"><a href=\"https:\/\/www.diocesidiroma.it\/camminosinodale\/index.php\/hone-page-2021-2022\/\">Cammino Sinodale 2021-2022<\/a><\/li>\n<li id=\"menu-item-20589\" class=\"menu-item menu-item-type-custom menu-item-object-custom menu-item-20589\"><a href=\"https:\/\/www.diocesidiroma.it\/camminosinodale\/index.php\/il-cammino-sinodale\/\">Il Cammino Sinodale<\/a><\/li>\n<li id=\"menu-item-20591\" class=\"menu-item menu-item-type-custom menu-item-object-custom menu-item-20591\"><a href=\"https:\/\/www.diocesidiroma.it\/camminosinodale\/index.php\/documenti-cammino-sinodale-21-22\/\">Documenti<\/a><\/li>\n<li id=\"menu-item-20595\" class=\"menu-item menu-item-type-custom menu-item-object-custom menu-item-20595\"><a href=\"https:\/\/www.diocesidiroma.it\/camminosinodale\/index.php\/rete-di-preghiera-21-22\/\">Rete di Preghiera<\/a><\/li>\n<li id=\"menu-item-20598\" class=\"menu-item menu-item-type-custom menu-item-object-custom menu-item-20598\"><a href=\"https:\/\/www.diocesidiroma.it\/camminosinodale\/index.php\/notizie-21-22\/\">Notizie<\/a><\/li>\n<\/ul><\/div><\/div><\/div> <!-- .\/block --><\/div><\/aside><aside class=\"widget_text td_block_template_10 widget widget_custom_html\"><h4 class=\"td-block-title\"><span>Cammino Sinodale 2022 &#8211; 2023<\/span><\/h4><div class=\"textwidget custom-html-widget\"><div class=\"td_block_wrap td_block_list_menu td_uid_8_69f143a7b0e21_rand td-pb-border-top td_block_template_10 widget\"  data-td-block-uid=\"td_uid_8_69f143a7b0e21\" >\n<style>\n\n\/* custom css *\/\n.td_uid_8_69f143a7b0e21_rand a {\r\n\t\t\t\t\tcolor: #bf0101;\r\n\t\t\t\t}\r\n\t\t\t\t\r\n\t\t\t\t.td_uid_8_69f143a7b0e21_rand a {\r\n\t\t\t\t\tfont-size:22px !important;font-weight:600 !important;\r\n\t\t\t\t}\n<\/style><div class=\"td-block-title-wrap\"><\/div><div id=td_uid_8_69f143a7b0e21 class=\"td_block_inner td-fix-index\"><div class=\"menu-cammino_sinodale_2022-2023-container\"><ul id=\"menu-cammino_sinodale_2022-2023\" class=\"menu\"><li id=\"menu-item-23208\" class=\"menu-item menu-item-type-post_type menu-item-object-page menu-item-23208\"><a href=\"https:\/\/www.diocesidiroma.it\/camminosinodale\/index.php\/home-cammino-sinodale-2022-2023\/\">Cammino Sinodale 2022-2023<\/a><\/li>\n<li id=\"menu-item-22926\" class=\"menu-item menu-item-type-post_type menu-item-object-page menu-item-22926\"><a href=\"https:\/\/www.diocesidiroma.it\/camminosinodale\/index.php\/i-cantieri-di-betania\/\">I Cantieri di Betania<\/a><\/li>\n<li id=\"menu-item-22940\" class=\"menu-item menu-item-type-post_type menu-item-object-page menu-item-22940\"><a href=\"https:\/\/www.diocesidiroma.it\/camminosinodale\/index.php\/documenti-cammino-sinodale-22-23\/\">Documenti<\/a><\/li>\n<li id=\"menu-item-22938\" class=\"menu-item menu-item-type-post_type menu-item-object-page menu-item-22938\"><a href=\"https:\/\/www.diocesidiroma.it\/camminosinodale\/index.php\/rete-di-preghiera-22-23\/\">Rete di Preghiera<\/a><\/li>\n<li id=\"menu-item-22939\" class=\"menu-item menu-item-type-post_type menu-item-object-page menu-item-22939\"><a href=\"https:\/\/www.diocesidiroma.it\/camminosinodale\/index.php\/notizie-22-23\/\">Notizie<\/a><\/li>\n<\/ul><\/div><\/div><\/div> <!-- .\/block --><\/div><\/aside><aside class=\"widget_text td_block_template_10 widget widget_custom_html\"><h4 class=\"td-block-title\"><span>Cammino Sinodale 2023 &#8211; 2024<\/span><\/h4><div class=\"textwidget custom-html-widget\"><div class=\"td_block_wrap td_block_list_menu td_uid_9_69f143a7b2602_rand td-pb-border-top td_block_template_10 widget\"  data-td-block-uid=\"td_uid_9_69f143a7b2602\" >\n<style>\n\n\/* custom css *\/\n.td_uid_9_69f143a7b2602_rand a {\r\n\t\t\t\t\tcolor: #bf0101;\r\n\t\t\t\t}\r\n\t\t\t\t\r\n\t\t\t\t.td_uid_9_69f143a7b2602_rand a {\r\n\t\t\t\t\tfont-size:22px !important;font-weight:600 !important;\r\n\t\t\t\t}\n<\/style><div class=\"td-block-title-wrap\"><\/div><div id=td_uid_9_69f143a7b2602 class=\"td_block_inner td-fix-index\"><div class=\"menu-cammino_sinodale_2023_2024-container\"><ul id=\"menu-cammino_sinodale_2023_2024-1\" class=\"menu\"><li class=\"menu-item menu-item-type-custom menu-item-object-custom menu-item-home menu-item-23186\"><a href=\"https:\/\/www.diocesidiroma.it\/camminosinodale\/\">Cammino Sinodale 2003-2024<\/a><\/li>\n<li class=\"menu-item menu-item-type-post_type menu-item-object-page menu-item-23185\"><a href=\"https:\/\/www.diocesidiroma.it\/camminosinodale\/index.php\/notizie-23-24\/\">Notizie<\/a><\/li>\n<li class=\"menu-item menu-item-type-post_type menu-item-object-page menu-item-23184\"><a href=\"https:\/\/www.diocesidiroma.it\/camminosinodale\/index.php\/documenti-cammino-sinodale-24-25\/\">Documenti<\/a><\/li>\n<\/ul><\/div><\/div><\/div> <!-- .\/block --><\/div><\/aside><\/div><\/div><\/div><\/div><\/div>","protected":false},"excerpt":{"rendered":"Il Cammino SinodalePapa Francesco Vescovo di Roma ricordava alla Chiesa diocesana riunita intorno a lui il 18 settembre 2021, che la sinodalit\u00e0 non \u00e8 il capitolo di un trattato di ecclesiologia, e tanto meno uno slogan. La sinodalit\u00e0 esprime la natura della Chiesa, la sua forma, il suo stile e la sua missione. Queste caratteristiche [...]","protected":false},"author":14,"featured_media":0,"parent":0,"menu_order":0,"comment_status":"closed","ping_status":"closed","template":"","meta":{"footnotes":""},"class_list":["post-20587","page","type-page","status-publish","hentry"],"_links":{"self":[{"href":"https:\/\/www.diocesidiroma.it\/camminosinodale\/index.php\/wp-json\/wp\/v2\/pages\/20587","targetHints":{"allow":["GET"]}}],"collection":[{"href":"https:\/\/www.diocesidiroma.it\/camminosinodale\/index.php\/wp-json\/wp\/v2\/pages"}],"about":[{"href":"https:\/\/www.diocesidiroma.it\/camminosinodale\/index.php\/wp-json\/wp\/v2\/types\/page"}],"author":[{"embeddable":true,"href":"https:\/\/www.diocesidiroma.it\/camminosinodale\/index.php\/wp-json\/wp\/v2\/users\/14"}],"replies":[{"embeddable":true,"href":"https:\/\/www.diocesidiroma.it\/camminosinodale\/index.php\/wp-json\/wp\/v2\/comments?post=20587"}],"version-history":[{"count":2,"href":"https:\/\/www.diocesidiroma.it\/camminosinodale\/index.php\/wp-json\/wp\/v2\/pages\/20587\/revisions"}],"predecessor-version":[{"id":23225,"href":"https:\/\/www.diocesidiroma.it\/camminosinodale\/index.php\/wp-json\/wp\/v2\/pages\/20587\/revisions\/23225"}],"wp:attachment":[{"href":"https:\/\/www.diocesidiroma.it\/camminosinodale\/index.php\/wp-json\/wp\/v2\/media?parent=20587"}],"curies":[{"name":"wp","href":"https:\/\/api.w.org\/{rel}","templated":true}]}}