{"id":23342,"date":"2024-10-23T14:05:50","date_gmt":"2024-10-23T12:05:50","guid":{"rendered":"https:\/\/www.diocesidiroma.it\/camminosinodale\/?page_id=23342"},"modified":"2024-10-23T14:06:58","modified_gmt":"2024-10-23T12:06:58","slug":"documenti-cammino-sinodale-23-24-2","status":"publish","type":"page","link":"https:\/\/www.diocesidiroma.it\/camminosinodale\/index.php\/documenti-cammino-sinodale-23-24-2\/","title":{"rendered":"Documenti"},"content":{"rendered":"<div id=\"td_uid_1_69f5c42865fb8\" class=\"tdc-row stretch_row_content td-stretch-content\"><div class=\"vc_row td_uid_1_69f5c42865fbd_rand  wpb_row td-pb-row\" ><div class=\"vc_column td_uid_2_69f5c428660ce_rand  wpb_column vc_column_container tdc-column td-pb-span9\"><div class=\"wpb_wrapper\"><div class=\"td_block_wrap td_block_title td_uid_3_69f5c42866189_rand td-pb-border-top td_block_template_10\"  data-td-block-uid=\"td_uid_3_69f5c42866189\" >\n<style>\n\n\/* custom css *\/\n.td_uid_3_69f5c42866189_rand .td-block-title a,\r\n\t\t\t\t.td_uid_3_69f5c42866189_rand .td-block-title span {\r\n\t\t\t\t\tfont-size:35px !important;\r\n\t\t\t\t}\r\n\t\t\t\t\r\n\t\t\t\t.td_uid_3_69f5c42866189_rand .td-block-title {\r\n\t\t\t\t\ttext-align: center;\r\n\t\t\t\t}\r\n\t\t\t\t.td_uid_3_69f5c42866189_rand.td_block_template_4 .td-block-title > *:before {\r\n\t\t\t\t    right: 10px;\r\n\t\t\t\t}\r\n\t\t\t\t.td_uid_3_69f5c42866189_rand.td_block_template_8 .td-block-title > * {\r\n\t\t\t\t\tpadding-left: 20px;\r\n\t\t\t\t}\r\n\t\t\t\t.td_uid_3_69f5c42866189_rand.td_block_template_9 .td-block-title:after {\r\n\t\t\t\t\tright: 0;\r\n\t\t\t\t}\r\n\t\t\t\t.td_uid_3_69f5c42866189_rand.td_block_template_13 .td-block-subtitle {\r\n\t\t\t\t\tleft: 0;\r\n\t\t\t\t\tright: 0;\r\n\t\t\t\t}\n<\/style><h4 class=\"td-block-title\"><span class=\"td-pulldown-size\">Documenti<\/span><\/h4><div class=\"td_mod_wrap\"><\/div><\/div><div class=\"td_block_wrap td_block_text_with_title td_uid_4_69f5c4286667f_rand td-pb-border-top td_block_template_10\"  data-td-block-uid=\"td_uid_4_69f5c4286667f\" ><div class=\"td-block-title-wrap\"><\/div><div class=\"td_mod_wrap td-fix-index\"><h3>L\u2019 avvio della fase sapienziale ci spinge a decidere con coraggio di affrontare la sfida del discernimento comunitario per cogliere la voce dello Spirito.<br \/>\nDi seguito gli ultimi documenti utili per avviare la nostra riflessione e il nostro cammino in questa fase del nostro percorso sinodale:<\/h3>\n<p>&nbsp;<\/p>\n<ul>\n<li>\n<h2 style=\"color: #bf0101;\"><a style=\"color: #bf0101;\" href=\"https:\/\/www.diocesidiroma.it\/wp-content\/uploads\/2023\/12\/Vademecum-per-lesercizio-del-Discernimento-comunitario.pdf\" target=\"_blank\" rel=\"noopener\">Vademecum per l\u2019esercizio del discernimento comunitario<\/a><\/h2>\n<p>&nbsp;<\/li>\n<li>\n<h3>LINEE GUIDA DELLA CEI PER LA FASE SAPIENZIALE DEL CAMMINO SINODALE DELLE CHIESE IN ITALIA:<br \/>\nle linee guida si pongono nella direzione di capire come far s\u00ec che il desiderio di un rinnovamento ecclesiale, coltivato nella fase narrativa, possa tradursi in un discernimento operativo che prepari il terreno alle decisioni, necessariamente orientate a tale rinnovamento.<br \/>\n<a style=\"background-color: #bf0101; color: #fff; padding-left: 5px;\" href=\"https:\/\/www.diocesidiroma.it\/camminosinodale\/wp-content\/uploads\/2023\/10\/CEI-Linee-Guida-Fase-Sapienziale_.pdf\" target=\"_blank\" rel=\"noopener\">\u00a0\u00a0 Scarica qui \u00a0\u00a0 <\/a><\/h3>\n<p>&nbsp;<\/li>\n<\/ul>\n<p>&nbsp;<\/p>\n<ul>\n<li>\n<h3>ORIENTAMENTI METODOLOGICI PER IL DISCERNIMENTO DELLA FASE SAPIENZIALE NELLE DIOCESI:<br \/>\n\u201cQuello che ci apprestiamo a vivere, nella fase sapienziale del nostro Cammino sinodale, \u00e8 proprio il discernimento comunitario \u201crealistico\u201d, cio\u00e8 operativo, orientato all\u2019individuazione dei mezzi per costruire una Chiesa pi\u00f9 aderente al Vangelo.\u201d Le schede degli Orientamenti sono state pensate per supportare il percorso di discernimento nelle Diocesi e nelle diverse realt\u00e0 ecclesiali.<br \/>\n<a style=\"background-color: #bf0101; color: #fff; padding-left: 5px;\" href=\"https:\/\/www.diocesidiroma.it\/camminosinodale\/wp-content\/uploads\/2023\/10\/CEI-Orientamenti-Metodologici-Fase-Sapienziale.pdf\" target=\"_blank\" rel=\"noopener\">\u00a0\u00a0 Scarica qui \u00a0\u00a0 <\/a><\/h3>\n<p>&nbsp;<\/li>\n<\/ul>\n<p>&nbsp;<\/p>\n<ul>\n<li>\n<h3>IL PIANO PASTORALE DIOCESANO:<br \/>\nL\u2019immagine a cui fare riferimento in quest\u2019anno pastorale \u00e8 quella dei discepoli di Emmaus, che camminano sconfortati, ragionando, ai quali si accosta Ges\u00f9. \u00c8 l\u2019icona scelta per accompagnarci nella riflessione e nella preghiera sul discernimento ecclesiale<br \/>\n<a style=\"background-color: #bf0101; color: #fff; padding-left: 5px;\" href=\"https:\/\/www.diocesidiroma.it\/camminosinodale\/wp-content\/uploads\/2023\/10\/Piano-Pastorale-2023-2024.pdf\" target=\"_blank\" rel=\"noopener\">\u00a0\u00a0 Scarica qui \u00a0\u00a0 <\/a><\/h3>\n<p>&nbsp;<\/li>\n<\/ul>\n<p>&nbsp;<\/p>\n<ul>\n<li>\n<h3>LO STATUTO DEL CONSIGLIO PASTORALE PARROCCHIALE:<br \/>\nNell\u2019ambito della sinodalit\u00e0 e della corresponsabilit\u00e0, la Diocesi di Roma rimette al centro la costituzione del Consiglio pastorale parrocchiale \u201cquale organo primario di partecipazione, strumento di comunione e corresponsabilit\u00e0.\u201d<br \/>\n<a style=\"background-color: #bf0101; color: #fff; padding-left: 5px;\" href=\"https:\/\/www.diocesidiroma.it\/camminosinodale\/wp-content\/uploads\/2023\/10\/Consiglio-Pastorale-Parrocchiale.pdf\" target=\"_blank\" rel=\"noopener\">\u00a0\u00a0 Scarica qui \u00a0\u00a0 <\/a><\/h3>\n<p>&nbsp;<\/li>\n<\/ul>\n<p>&nbsp;<\/p>\n<ul>\n<li>\n<h3>SINTESI DEL CAMMINO SINODALE DELLA DIOCESI DI ROMA:<br \/>\nInfine, riportiamo la sintesi diocesana prodotta nel 2021 come punto di riferimento costante dell\u2019ascolto e delle narrazioni realizzate nella nostra Diocesi<br \/>\nInsieme alle sintesi degli ascolti delle realt\u00e0 e comunit\u00e0 particolari siano il nostro richiamo costante a ci\u00f2 che abbiamo maturato insieme nell\u2019ascolto del popolo di Dio che \u00e8 in Roma.<br \/>\n<a style=\"background-color: #bf0101; color: #fff; padding-left: 5px;\" href=\"https:\/\/www.diocesidiroma.it\/camminosinodale\/wp-content\/uploads\/2023\/10\/Sintesi_del_Cammino_Sinodale_Diocesi_di_Roma.pdf\" target=\"_blank\" rel=\"noopener\">\u00a0\u00a0 Scarica qui \u00a0\u00a0 <\/a><\/h3>\n<p>&nbsp;<\/li>\n<\/ul>\n<p>&nbsp;<\/p>\n<\/div><\/div><div class=\"wpb_wrapper td_block_separator td_block_wrap vc_separator td_uid_5_69f5c4286678c_rand  td_separator_shadow td_separator_center\"><span style=\"color:#bcbcbc;width:100%;\"><span style=\"-moz-box-shadow:0 10px 10px 10px;;-webkit-box-shadow:0 10px 10px 10px;box-shadow:0 10px 10px 10px;\"><\/span><\/span><\/div><div class=\"vc_row_inner td_uid_6_69f5c428667a2_rand  vc_row vc_inner wpb_row td-pb-row\" >\n<style scoped>\n\n\/* inline tdc_css att *\/\n\n\/* desktop *\/ @media(min-width: 1141px) { .td_uid_6_69f5c428667a2_rand { \ndisplay:none !important;\n} }\n\n<\/style><div class=\"vc_column_inner td_uid_7_69f5c428667f8_rand  wpb_column vc_column_container tdc-inner-column td-pb-span6\"><div class=\"vc_column-inner\"><div class=\"wpb_wrapper\"><div class=\"tdm_block td_block_wrap tdm_block_call_to_action td_uid_8_69f5c42866884_rand tds_call_to_action1 tdm-content-horiz-left tdm-content-vert-center td-pb-border-top td_block_template_10\"  data-td-block-uid=\"td_uid_8_69f5c42866884\" >\n<style>\n\n\/* inline tdc_css att *\/\n\n.td_uid_8_69f5c42866884_rand{\nmargin-bottom:-1% !important;\n}\n\n<\/style>\n<style>\n\n<\/style><div class=\"td-block-width tds-call-to-action1 td_uid_9_69f5c42867f1a\"><div class=\"td-block-row tdm-row td-fix-index\"><div class=\"td-block-span9 tdm-col\">\n<style>\n\n<\/style><div class=\"tds-title tds-title1 td-fix-index td_uid_10_69f5c42867f73\"><h1 class=\"tdm-title tdm-title-md\">Linee programmatiche della CEI<\/h1><\/div><\/div><div class=\"td-block-span3 tdm-col\">\n<style>\n.td_uid_11_69f5c428680f1 i:last-child {\r\n\t\t\t\t\tmargin-left: 14px;\r\n\t\t\t\t}\n<\/style><div class=\"tds-button td-fix-index\"><a href=\"#\" class=\"tds-button1 tdm-btn tdm-btn-md td_uid_11_69f5c428680f1\" ><span class=\"tdm-btn-text\">Scarica qui<\/span><i class=\"tdc-font-fa tdc-font-fa-chevron-right\"><\/i><\/a><\/div><\/div><\/div><\/div><\/div><div class=\"td_block_wrap td_block_text_with_title td_uid_12_69f5c428682ab_rand td-pb-border-top td_block_template_10\"  data-td-block-uid=\"td_uid_12_69f5c428682ab\" ><div class=\"td-block-title-wrap\"><\/div><div class=\"td_mod_wrap td-fix-index\"><iframe loading=\"lazy\" class=\"pdfjs-viewer\" width=\"100%\" height=\"600px\" src=\"https:\/\/www.diocesidiroma.it\/camminosinodale\/wp-content\/plugins\/pdf-viewer\/stable\/web\/viewer.html?file=https:\/\/www.diocesidiroma.it\/camminosinodale\/wp-content\/uploads\/2022\/11\/CEI-Vademecum_II-Anno_CamminoSinodale.pdf\"><\/iframe> \n<\/div><\/div><\/div><\/div><\/div><div class=\"vc_column_inner td_uid_13_69f5c42868356_rand  wpb_column vc_column_container tdc-inner-column td-pb-span6\"><div class=\"vc_column-inner\"><div class=\"wpb_wrapper\"><div class=\"tdm_block td_block_wrap tdm_block_call_to_action td_uid_14_69f5c42868391_rand tds_call_to_action1 tdm-content-horiz-left tdm-content-vert-center td-pb-border-top td_block_template_10\"  data-td-block-uid=\"td_uid_14_69f5c42868391\" >\n<style>\n\n\/* inline tdc_css att *\/\n\n.td_uid_14_69f5c42868391_rand{\nmargin-bottom:-1% !important;\n}\n\n<\/style>\n<style>\n\n<\/style><div class=\"td-block-width tds-call-to-action1 td_uid_15_69f5c428685bd\"><div class=\"td-block-row tdm-row td-fix-index\"><div class=\"td-block-span9 tdm-col\">\n<style>\n\n<\/style><div class=\"tds-title tds-title1 td-fix-index td_uid_16_69f5c428685c2\"><h1 class=\"tdm-title tdm-title-md\">Il Documento della Diocesi di Roma<\/h1><\/div><\/div><div class=\"td-block-span3 tdm-col\">\n<style>\n.td_uid_17_69f5c42868690 i:last-child {\r\n\t\t\t\t\tmargin-left: 14px;\r\n\t\t\t\t}\n<\/style><div class=\"tds-button td-fix-index\"><a href=\"#\" class=\"tds-button1 tdm-btn tdm-btn-md td_uid_17_69f5c42868690\" ><span class=\"tdm-btn-text\">Scarica qui<\/span><i class=\"tdc-font-fa tdc-font-fa-chevron-right\"><\/i><\/a><\/div><\/div><\/div><\/div><\/div><div class=\"td_block_wrap td_block_text_with_title td_uid_18_69f5c42868841_rand td-pb-border-top td_block_template_10\"  data-td-block-uid=\"td_uid_18_69f5c42868841\" ><div class=\"td-block-title-wrap\"><\/div><div class=\"td_mod_wrap td-fix-index\"><iframe loading=\"lazy\" class=\"pdfjs-viewer\" width=\"100%\" height=\"600px\" src=\"https:\/\/www.diocesidiroma.it\/camminosinodale\/wp-content\/plugins\/pdf-viewer\/stable\/web\/viewer.html?file=https:\/\/www.diocesidiroma.it\/camminosinodale\/wp-content\/uploads\/2022\/11\/Diocesi-di-Roma-Vademecum-2022-23.pdf\"><\/iframe> \n<\/div><\/div><\/div><\/div><\/div><\/div><\/div><\/div><div class=\"vc_column td_uid_19_69f5c428688d2_rand  wpb_column vc_column_container tdc-column td-pb-span3\"><div class=\"wpb_wrapper\"><div class=\"wpb_wrapper td_block_wrap vc_widget_sidebar td_uid_20_69f5c4286890e_rand \" ><aside class=\"widget_text td_block_template_10 widget widget_custom_html\"><h4 class=\"td-block-title\"><span>Contatti<\/span><\/h4><div class=\"textwidget custom-html-widget\"><table style=\"text-align: center;\">\r\n<tbody>\r\n<tr>\r\n<td style=\"width: 100%; border: none; font-size: larger;\"><b><a href=\"https:\/\/www.diocesidiroma.it\/camminosinodale\/index.php\/contatta-i-nostri-uffici\/\"><input name=\"button\" value=\"Scrivi alla Segreteria Generale del Cammino Sinodale\" style=\"color:#000000; background-color: #25d366;border-radius: 10px;font-size: 16px;;width: -webkit-fill-available\" type=\"submit\"><\/a><br> <br>telefono: 0669886206<\/b><\/td>\r\n\t<\/tr>\r\n\t<tr>\r\n<td style=\"width: 30%; border: none; \"> <br>\r\n\t\t<script>\r\n\t\t\twindow.addEventListener('DOMContentLoaded', () => {\r\n\t\t\t\tvar mobileDetect = \/Android|webOS|iPhone|iPod|BlackBerry|IEMobile|Opera Mini\/i.test(navigator.userAgent),\r\n\t\t\t\t\tbtnRnd = document.querySelector('.cresta-whatsapp-chat-button.click-104');\r\n\t\t\t\tif (mobileDetect) {\r\n\t\t\t\t\tbtnRnd.querySelector('.cresta-whatsapp-chat-container-button').style.display = 'none';\r\n\t\t\t\t\tbtnRnd.addEventListener('click', () => {\r\n\t\t\t\t\t\twindow.location = 'whatsapp:\/\/send?text=&phone=+393316552350&abid=+393316552350';\r\n\t\t\t\t\t})\r\n\t\t\t\t} else {\r\n\t\t\t\t\tbtnRnd.addEventListener('click', () => {\r\n\t\t\t\t\t\tif (btnRnd.querySelector('.cresta-whatsapp-chat-container-button').classList.contains('open')) {\r\n\t\t\t\t\t\t\tbtnRnd.querySelector('.cresta-whatsapp-chat-container-button').classList.remove('open');\r\n\t\t\t\t\t\t} else {\r\n\t\t\t\t\t\t\tbtnRnd.querySelector('.cresta-whatsapp-chat-container-button').classList.add('open');\r\n\t\t\t\t\t\t\tsetTimeout (function () {\r\n\t\t\t\t\t\t\t\tbtnRnd.querySelector('textarea.cresta-whatsapp-textarea').focus();\r\n\t\t\t\t\t\t\t}, 100);\r\n\t\t\t\t\t\t}\r\n\t\t\t\t\t})\r\n\t\t\t\t\tbtnRnd.querySelector('.cresta-whatsapp-chat-container-button').addEventListener('click', e => {\r\n\t\t\t\t\t\te.stopPropagation();\r\n\t\t\t\t\t})\r\n\t\t\t\t\tbtnRnd.querySelector('.cresta-whatsapp-chat-container-button .cresta-whatsapp-send').addEventListener('click', () => {\r\n\t\t\t\t\t\tvar baseUrl = 'https:\/\/web.whatsapp.com\/send?phone=+393316552350&text=',\r\n\t\t\t\t\t\t\ttextEncode = encodeURIComponent(btnRnd.querySelector('.cresta-whatsapp-textarea').value);\r\n\t\t\t\t\t\twindow.open(baseUrl + textEncode, '_blank');\r\n\t\t\t\t\t})\r\n\t\t\t\t}\r\n\t\t\t});\r\n\t\t<\/script>\r\n\t\t<div class='cresta-whatsapp-chat-button click-104'>\r\n\t\t\t<svg id=\"whatsapp-msng-icon-button\" data-name=\"whatsapp icon\" xmlns=\"http:\/\/www.w3.org\/2000\/svg\" viewBox=\"0 0 800 800\"><path d=\"M519 454c4 2 7 10-1 31-6 16-33 29-49 29-96 0-189-113-189-167 0-26 9-39 18-48 8-9 14-10 18-10h12c4 0 9 0 13 10l19 44c5 11-9 25-15 31-3 3-6 7-2 13 25 39 41 51 81 71 6 3 10 1 13-2l19-24c5-6 9-4 13-2zM401 200c-110 0-199 90-199 199 0 68 35 113 35 113l-20 74 76-20s42 32 108 32c110 0 199-89 199-199 0-111-89-199-199-199zm0-40c133 0 239 108 239 239 0 132-108 239-239 239-67 0-114-29-114-29l-127 33 34-124s-32-49-32-119c0-131 108-239 239-239z\" style=\"fill:#ffffff\"\/><\/svg>\r\n\t\t\t<span>Contattaci via Whatsapp<\/span>\r\n\t\t\t<div class='cresta-whatsapp-chat-container-button bottom'>\r\n\t\t\t\t<div class=\"cresta-whatsapp-chat-top-header\"><span>Scrivi il messaggio<\/span><\/div>\r\n\t\t\t\t<div class='cresta-whatsapp-inner'>\r\n\t\t\t\t\t<textarea class='cresta-whatsapp-textarea' placeholder='Ciao! Usa questa casella per inviare un messaggio tramite WhatsApp...'><\/textarea>\r\n\t\t\t\t<\/div>\r\n\t\t\t\t<div class='cresta-whatsapp-to-send'>\r\n\t\t\t\t\t<div class='cresta-whatsapp-send'>Spedisci via WhatsApp<svg version='1.1' id='whatsapp-msng-icon-send' xmlns='http:\/\/www.w3.org\/2000\/svg' xmlns:xlink='http:\/\/www.w3.org\/1999\/xlink' x='0px' y='0px' width='20px' height='12px' viewBox='0 0 14 26' enable-background='new 0 0 14 26' xml:space='preserve'> <path d='M1,0c0.256,0,0.512,0.098,0.707,0.293l12,12c0.391,0.391,0.391,1.023,0,1.414l-12,12c-0.391,0.391-1.023,0.391-1.414,0s-0.391-1.023,0-1.414L11.586,13L0.293,1.707c-0.391-0.391-0.391-1.023,0-1.414C0.488,0.098,0.744,0,1,0z' style='fill: none; stroke-width:3; stroke: #ffffff'\/><\/svg><\/div>\r\n\t\t\t\t<\/div>\r\n\t\t\t<\/div>\r\n\t\t<\/div>\r\n\t\t<\/td>\r\n<\/tr>\r\n\t<style>\r\n\t.widget {\r\n    overflow: inherit;\r\n}\r\n\t\t.cresta-whatsapp-chat-button {\r\n\t\t\tcolor: #000000;\r\n\t\t}\r\n\t<\/style>\r\n<\/tbody>\r\n<\/table><\/div><\/aside><aside class=\"widget_text td_block_template_10 widget widget_custom_html\"><h4 class=\"td-block-title\"><span>Men\u00f9<\/span><\/h4><div class=\"textwidget custom-html-widget\"><div class=\"td_block_wrap td_block_list_menu td_uid_21_69f5c42868aa1_rand td-pb-border-top td_block_template_10 widget\"  data-td-block-uid=\"td_uid_21_69f5c42868aa1\" >\n<style>\n\n\/* custom css *\/\n.td_uid_21_69f5c42868aa1_rand a {\r\n\t\t\t\t\tcolor: #bf0101;\r\n\t\t\t\t}\r\n\t\t\t\t\r\n\t\t\t\t.td_uid_21_69f5c42868aa1_rand a {\r\n\t\t\t\t\tfont-size:22px !important;font-weight:600 !important;\r\n\t\t\t\t}\n<\/style><div class=\"td-block-title-wrap\"><\/div><div id=td_uid_21_69f5c42868aa1 class=\"td_block_inner td-fix-index\"><div class=\"menu-cammino_sinodale_2023_2024-container\"><ul id=\"menu-cammino_sinodale_2023_2024\" class=\"menu\"><li id=\"menu-item-23186\" class=\"menu-item menu-item-type-custom menu-item-object-custom menu-item-home menu-item-23186\"><a href=\"https:\/\/www.diocesidiroma.it\/camminosinodale\/\">Cammino Sinodale 2003-2024<\/a><\/li>\n<li id=\"menu-item-23185\" class=\"menu-item menu-item-type-post_type menu-item-object-page menu-item-23185\"><a href=\"https:\/\/www.diocesidiroma.it\/camminosinodale\/index.php\/notizie-23-24\/\">Notizie<\/a><\/li>\n<li id=\"menu-item-23184\" class=\"menu-item menu-item-type-post_type menu-item-object-page menu-item-23184\"><a href=\"https:\/\/www.diocesidiroma.it\/camminosinodale\/index.php\/documenti-cammino-sinodale-24-25\/\">Documenti<\/a><\/li>\n<\/ul><\/div><\/div><\/div> <!-- .\/block -->\r\n<ul style=\"width: 100%; border: none; font-size: larger;\"><b><a href=\"https:\/\/www.diocesidiroma.it\/camminosinodale\/index.php\/faq\/\"><input name=\"button\" value=\"FAQ su Nuovo ''Consiglio Pastorale Parrocchiale  (CPP)''\" style=\"color:#000000; background-color: #25d366;border-radius: 10px;font-size: 16px;;width: -webkit-fill-available\" type=\"submit\"><\/a><\/b>\r\n<\/ul><\/div><\/aside><aside class=\"widget_text td_block_template_10 widget widget_custom_html\"><div class=\"textwidget custom-html-widget\"><br>\r\n\r\n<br>\r\n<br><\/div><\/aside><aside class=\"widget_text td_block_template_10 widget widget_custom_html\"><h4 class=\"td-block-title\"><span>Cammino Sinodale 2021 &#8211; 2022<\/span><\/h4><div class=\"textwidget custom-html-widget\"><div class=\"td_block_wrap td_block_list_menu td_uid_22_69f5c42869f67_rand td-pb-border-top td_block_template_10 widget\"  data-td-block-uid=\"td_uid_22_69f5c42869f67\" >\n<style>\n\n\/* custom css *\/\n.td_uid_22_69f5c42869f67_rand a {\r\n\t\t\t\t\tcolor: #bf0101;\r\n\t\t\t\t}\r\n\t\t\t\t\r\n\t\t\t\t.td_uid_22_69f5c42869f67_rand a {\r\n\t\t\t\t\tfont-size:22px !important;font-weight:600 !important;\r\n\t\t\t\t}\n<\/style><div class=\"td-block-title-wrap\"><\/div><div id=td_uid_22_69f5c42869f67 class=\"td_block_inner td-fix-index\"><div class=\"menu-cammino_sinodale_2021-2022-container\"><ul id=\"menu-cammino_sinodale_2021-2022\" class=\"menu\"><li id=\"menu-item-22909\" class=\"menu-item menu-item-type-post_type menu-item-object-page menu-item-22909\"><a href=\"https:\/\/www.diocesidiroma.it\/camminosinodale\/index.php\/hone-page-2021-2022\/\">Cammino Sinodale 2021-2022<\/a><\/li>\n<li id=\"menu-item-20589\" class=\"menu-item menu-item-type-custom menu-item-object-custom menu-item-20589\"><a href=\"https:\/\/www.diocesidiroma.it\/camminosinodale\/index.php\/il-cammino-sinodale\/\">Il Cammino Sinodale<\/a><\/li>\n<li id=\"menu-item-20591\" class=\"menu-item menu-item-type-custom menu-item-object-custom menu-item-20591\"><a href=\"https:\/\/www.diocesidiroma.it\/camminosinodale\/index.php\/documenti-cammino-sinodale-21-22\/\">Documenti<\/a><\/li>\n<li id=\"menu-item-20595\" class=\"menu-item menu-item-type-custom menu-item-object-custom menu-item-20595\"><a href=\"https:\/\/www.diocesidiroma.it\/camminosinodale\/index.php\/rete-di-preghiera-21-22\/\">Rete di Preghiera<\/a><\/li>\n<li id=\"menu-item-20598\" class=\"menu-item menu-item-type-custom menu-item-object-custom menu-item-20598\"><a href=\"https:\/\/www.diocesidiroma.it\/camminosinodale\/index.php\/notizie-21-22\/\">Notizie<\/a><\/li>\n<\/ul><\/div><\/div><\/div> <!-- .\/block --><\/div><\/aside><aside class=\"widget_text td_block_template_10 widget widget_custom_html\"><h4 class=\"td-block-title\"><span>Cammino Sinodale 2022 &#8211; 2023<\/span><\/h4><div class=\"textwidget custom-html-widget\"><div class=\"td_block_wrap td_block_list_menu td_uid_23_69f5c4286b007_rand td-pb-border-top td_block_template_10 widget\"  data-td-block-uid=\"td_uid_23_69f5c4286b007\" >\n<style>\n\n\/* custom css *\/\n.td_uid_23_69f5c4286b007_rand a {\r\n\t\t\t\t\tcolor: #bf0101;\r\n\t\t\t\t}\r\n\t\t\t\t\r\n\t\t\t\t.td_uid_23_69f5c4286b007_rand a {\r\n\t\t\t\t\tfont-size:22px !important;font-weight:600 !important;\r\n\t\t\t\t}\n<\/style><div class=\"td-block-title-wrap\"><\/div><div id=td_uid_23_69f5c4286b007 class=\"td_block_inner td-fix-index\"><div class=\"menu-cammino_sinodale_2022-2023-container\"><ul id=\"menu-cammino_sinodale_2022-2023\" class=\"menu\"><li id=\"menu-item-23208\" class=\"menu-item menu-item-type-post_type menu-item-object-page menu-item-23208\"><a href=\"https:\/\/www.diocesidiroma.it\/camminosinodale\/index.php\/home-cammino-sinodale-2022-2023\/\">Cammino Sinodale 2022-2023<\/a><\/li>\n<li id=\"menu-item-22926\" class=\"menu-item menu-item-type-post_type menu-item-object-page menu-item-22926\"><a href=\"https:\/\/www.diocesidiroma.it\/camminosinodale\/index.php\/i-cantieri-di-betania\/\">I Cantieri di Betania<\/a><\/li>\n<li id=\"menu-item-22940\" class=\"menu-item menu-item-type-post_type menu-item-object-page menu-item-22940\"><a href=\"https:\/\/www.diocesidiroma.it\/camminosinodale\/index.php\/documenti-cammino-sinodale-22-23\/\">Documenti<\/a><\/li>\n<li id=\"menu-item-22938\" class=\"menu-item menu-item-type-post_type menu-item-object-page menu-item-22938\"><a href=\"https:\/\/www.diocesidiroma.it\/camminosinodale\/index.php\/rete-di-preghiera-22-23\/\">Rete di Preghiera<\/a><\/li>\n<li id=\"menu-item-22939\" class=\"menu-item menu-item-type-post_type menu-item-object-page menu-item-22939\"><a href=\"https:\/\/www.diocesidiroma.it\/camminosinodale\/index.php\/notizie-22-23\/\">Notizie<\/a><\/li>\n<\/ul><\/div><\/div><\/div> <!-- .\/block --><\/div><\/aside><aside class=\"widget_text td_block_template_10 widget widget_custom_html\"><h4 class=\"td-block-title\"><span>Cammino Sinodale 2023 &#8211; 2024<\/span><\/h4><div class=\"textwidget custom-html-widget\"><div class=\"td_block_wrap td_block_list_menu td_uid_24_69f5c4286c994_rand td-pb-border-top td_block_template_10 widget\"  data-td-block-uid=\"td_uid_24_69f5c4286c994\" >\n<style>\n\n\/* custom css *\/\n.td_uid_24_69f5c4286c994_rand a {\r\n\t\t\t\t\tcolor: #bf0101;\r\n\t\t\t\t}\r\n\t\t\t\t\r\n\t\t\t\t.td_uid_24_69f5c4286c994_rand a {\r\n\t\t\t\t\tfont-size:22px !important;font-weight:600 !important;\r\n\t\t\t\t}\n<\/style><div class=\"td-block-title-wrap\"><\/div><div id=td_uid_24_69f5c4286c994 class=\"td_block_inner td-fix-index\"><div class=\"menu-cammino_sinodale_2023_2024-container\"><ul id=\"menu-cammino_sinodale_2023_2024-1\" class=\"menu\"><li class=\"menu-item menu-item-type-custom menu-item-object-custom menu-item-home menu-item-23186\"><a href=\"https:\/\/www.diocesidiroma.it\/camminosinodale\/\">Cammino Sinodale 2003-2024<\/a><\/li>\n<li class=\"menu-item menu-item-type-post_type menu-item-object-page menu-item-23185\"><a href=\"https:\/\/www.diocesidiroma.it\/camminosinodale\/index.php\/notizie-23-24\/\">Notizie<\/a><\/li>\n<li class=\"menu-item menu-item-type-post_type menu-item-object-page menu-item-23184\"><a href=\"https:\/\/www.diocesidiroma.it\/camminosinodale\/index.php\/documenti-cammino-sinodale-24-25\/\">Documenti<\/a><\/li>\n<\/ul><\/div><\/div><\/div> <!-- .\/block --><\/div><\/aside><\/div><\/div><\/div><\/div><\/div>","protected":false},"excerpt":{"rendered":"\/* custom css *\/ .td_uid_27_69f5c4286d40d_rand .td-block-title a, .td_uid_27_69f5c4286d40d_rand .td-block-title span { font-size:35px !important; } .td_uid_27_69f5c4286d40d_rand .td-block-title { text-align: center; } .td_uid_27_69f5c4286d40d_rand.td_block_template_4 .td-block-title > *:before { right: 10px; } .td_uid_27_69f5c4286d40d_rand.td_block_template_8 .td-block-title > * { padding-left: 20px; } .td_uid_27_69f5c4286d40d_rand.td_block_template_9 .td-block-title:after { right: 0; } .td_uid_27_69f5c4286d40d_rand.td_block_template_13 .td-block-subtitle { left: 0; right: 0; } DocumentiL\u2019 avvio della fase sapienziale [...]","protected":false},"author":14,"featured_media":0,"parent":0,"menu_order":0,"comment_status":"closed","ping_status":"closed","template":"","meta":{"footnotes":""},"class_list":["post-23342","page","type-page","status-publish","hentry"],"_links":{"self":[{"href":"https:\/\/www.diocesidiroma.it\/camminosinodale\/index.php\/wp-json\/wp\/v2\/pages\/23342","targetHints":{"allow":["GET"]}}],"collection":[{"href":"https:\/\/www.diocesidiroma.it\/camminosinodale\/index.php\/wp-json\/wp\/v2\/pages"}],"about":[{"href":"https:\/\/www.diocesidiroma.it\/camminosinodale\/index.php\/wp-json\/wp\/v2\/types\/page"}],"author":[{"embeddable":true,"href":"https:\/\/www.diocesidiroma.it\/camminosinodale\/index.php\/wp-json\/wp\/v2\/users\/14"}],"replies":[{"embeddable":true,"href":"https:\/\/www.diocesidiroma.it\/camminosinodale\/index.php\/wp-json\/wp\/v2\/comments?post=23342"}],"version-history":[{"count":1,"href":"https:\/\/www.diocesidiroma.it\/camminosinodale\/index.php\/wp-json\/wp\/v2\/pages\/23342\/revisions"}],"predecessor-version":[{"id":23343,"href":"https:\/\/www.diocesidiroma.it\/camminosinodale\/index.php\/wp-json\/wp\/v2\/pages\/23342\/revisions\/23343"}],"wp:attachment":[{"href":"https:\/\/www.diocesidiroma.it\/camminosinodale\/index.php\/wp-json\/wp\/v2\/media?parent=23342"}],"curies":[{"name":"wp","href":"https:\/\/api.w.org\/{rel}","templated":true}]}}