{"id":6,"date":"2018-03-04T17:17:25","date_gmt":"2018-03-04T16:17:25","guid":{"rendered":"http:\/\/192.168.220.10\/sanitaria\/?page_id=6"},"modified":"2025-05-29T12:39:57","modified_gmt":"2025-05-29T10:39:57","slug":"home","status":"publish","type":"page","link":"https:\/\/www.diocesidiroma.it\/giubileo-giovani\/","title":{"rendered":"HomeNews"},"content":{"rendered":"<div id=\"td_uid_1_69f71173db872\" class=\"tdc-row stretch_row_content td-stretch-content\"><div class=\"vc_row td_uid_1_69f71173db879_rand  wpb_row td-pb-row\" >\n<style scoped>\n\n\/* inline tdc_css att *\/\n\n.td_uid_1_69f71173db879_rand{\npadding-right:5% !important;\npadding-left:5% !important;\n}\n\n.td_uid_1_69f71173db879_rand .td_block_wrap{ text-align:left }\n\n<\/style><div class=\"vc_column td_uid_2_69f71173db9cd_rand  wpb_column vc_column_container tdc-column td-pb-span12\"><div class=\"wpb_wrapper\"><div class=\"vc_column_inner td_uid_3_69f71173dba09_rand  wpb_column vc_column_container tdc-inner-column td-pb-span12\"><div class=\"vc_column-inner\"><div class=\"wpb_wrapper\">\r\n<img decoding=\"async\" src=\"https:\/\/www.diocesidiroma.it\/giubileo-giovani\/wp-content\/uploads\/2024\/10\/Banner-sito-scaled.jpeg\" alt=\"Italian Trulli\" \/>\r\n<\/div><\/div><\/div><\/div><\/div><\/div><\/div>\r\n<div id=\"td_uid_4_69f71173dba4b\" class=\"tdc-row stretch_row_content td-stretch-content\"><div class=\"vc_row td_uid_4_69f71173dba63_rand  wpb_row td-pb-row\" >\n<style scoped>\n\n\/* inline tdc_css att *\/\n\n.td_uid_4_69f71173dba63_rand{\npadding-right:5% !important;\npadding-left:5% !important;\n}\n\n.td_uid_4_69f71173dba63_rand .td_block_wrap{ text-align:left }\n\n<\/style><div class=\"vc_column td_uid_5_69f71173dbaf5_rand  wpb_column vc_column_container tdc-column td-pb-span12\"><div class=\"wpb_wrapper\"><div class=\"td_block_wrap td_block_title td_uid_6_69f71173dbbcf_rand td-pb-border-top td_block_template_10\"  data-td-block-uid=\"td_uid_6_69f71173dbbcf\" >\n<style>\n\n\/* custom css *\/\n.td_uid_6_69f71173dbbcf_rand .td-block-title a,\r\n\t\t\t\t.td_uid_6_69f71173dbbcf_rand .td-block-title span {\r\n\t\t\t\t\tfont-size:38px !important;\r\n\t\t\t\t}\n<\/style><h4 class=\"td-block-title\"><span class=\"td-pulldown-size\">\r\n<\/span><\/h4><div class=\"td_mod_wrap\"><\/div><\/div><div class=\"vc_row_inner td_uid_7_69f71173dc0f8_rand  vc_row vc_inner wpb_row td-pb-row\" >\n<style scoped>\n\n\/* custom css *\/\n@media (min-width: 768px) {\r\n\t                .td_uid_7_69f71173dc0f8_rand {\r\n\t                    margin-left: -5px;\r\n\t                    margin-right: -5px;\r\n\t                }\r\n\t                .td_uid_7_69f71173dc0f8_rand .vc_column_inner {\r\n\t                    padding-left: 5px;\r\n\t                    padding-right: 5px;\r\n\t                }\r\n                }\n<\/style><div class=\"vc_column_inner td_uid_8_69f71173dc175_rand  wpb_column vc_column_container tdc-inner-column td-pb-span12\"><div class=\"vc_column-inner\"><div class=\"wpb_wrapper\"><div class=\"td_block_wrap td_block_text_with_title td_uid_9_69f71173dc221_rand td-pb-border-top td_block_template_10\"  data-td-block-uid=\"td_uid_9_69f71173dc221\" ><div class=\"td-block-title-wrap\"><\/div><div class=\"td_mod_wrap td-fix-index\"><p style=\"text-align: center;\"><strong>Giubileo Adolescenti 25-27 aprile 2025<\/strong><br \/>\n<strong>Giubileo Giovani 28 luglio \u2013 3 agosto 2025<\/strong><\/p>\n<p style=\"text-align: center;\"><strong><em>\u201cNon dimenticate l&#8217;ospitalit\u00e0, perch\u00e9 alcuni, praticandola, senza saperlo, hanno ospitato angeli.\u201d Ebrei 13, 2<\/em><\/strong><\/p>\n<p>L\u2019ufficio di Pastorale Giovanile della Diocesi di Roma si occupa di:<\/p>\n<ul>\n<li style=\"list-style-type: none;\">\n<ul>\n<li>Mappatura per l\u2019accoglienza dei pellegrini per il Giubileo dei Giovani;<\/li>\n<li>Mappatura dei volontari per il Giubileo dei Giovani.<\/li>\n<\/ul>\n<\/li>\n<\/ul>\n<p>Il resto dell\u2019organizzazione del Giubileo dei Giovani \u00e8 di competenza del Dicastero per l\u2019Evangelizzazione <a href=\"https:\/\/www.iubilaeum2025.va\/it.html\" target=\"_blank\" rel=\"noopener\">https:\/\/www.iubilaeum2025.va\/it.html<\/a><\/p>\n<p>Per la partecipazione come pellegrini al <strong>Giubileo Giovani<\/strong> l\u2019iscrizione potr\u00e0 essere effettuata attraverso il sito della CEI: <a href=\"https:\/\/giovani.chiesacattolica.it\/giubileo-dei-giovani-2025\/\">Giubileo dei giovani &#8211; <\/a><a href=\"https:\/\/giovani.chiesacattolica.it\/giubileo-degli-adolescenti-tutte-le-info\/\">Servizio Nazionale per la pastorale giovanile<\/a><br \/>\nLe iscrizioni per coloro che hanno bisogno di alloggio si sono chiuse il 4 maggio 2025, , mentre per quanti non hanno bisogno di pernottare \u00e8 ancora possibile iscriversi.<\/p>\n<p>Quest\u2019invito \u00e8 un\u2019occasione per vivere il Giubileo come un <strong>dono<\/strong>, da ricevere ma anche e soprattutto da dare! Insieme renderemo Roma la casa di tutti i giovani pellegrini del mondo. Il Giubileo non sar\u00e0 un evento, sar\u00e0 un viaggio che vorremmo fare insieme a voi.<\/p>\n<\/div><\/div><\/div><\/div><\/div><\/div><\/div><\/div><\/div><\/div><div class=\"wpb_wrapper td_block_empty_space td_block_wrap vc_empty_space td_uid_10_69f71173dc370_rand \"  style=\"height: 30px\"><\/div><div id=\"td_uid_9_69f71173dc390\" class=\"tdc-row stretch_row_content td-stretch-content\"><div class=\"vc_row td_uid_11_69f71173dc391_rand  wpb_row td-pb-row\" >\n<style scoped>\n\n\/* inline tdc_css att *\/\n\n.td_uid_11_69f71173dc391_rand{\npadding-right:5% !important;\npadding-left:5% !important;\n}\n\n.td_uid_11_69f71173dc391_rand .td_block_wrap{ text-align:left }\n\n<\/style><div class=\"vc_column td_uid_12_69f71173dc457_rand  wpb_column vc_column_container tdc-column td-pb-span12\"><div class=\"wpb_wrapper\"><div class=\"td_block_wrap td_block_title td_uid_13_69f71173dc4f2_rand td-pb-border-top td_block_template_10\"  data-td-block-uid=\"td_uid_13_69f71173dc4f2\" >\n<style>\n\n\/* custom css *\/\n.td_uid_13_69f71173dc4f2_rand .td-block-title a,\r\n\t\t\t\t.td_uid_13_69f71173dc4f2_rand .td-block-title span {\r\n\t\t\t\t\tfont-size:38px !important;\r\n\t\t\t\t}\n<\/style><h4 class=\"td-block-title\"><span class=\"td-pulldown-size\">Informazioni per te<\/span><\/h4><div class=\"td_mod_wrap\"><\/div><\/div>\r\n[vc_tta_tour style=&#8221;modern&#8221; color=&#8221;white&#8221; active_section=&#8221;1&#8243;]\r\n[vc_tta_section title=&#8221;<strong>Informazioni Tecniche<\/strong>&#8221; tab_id=&#8221;1728486759794-626aed58-a9ab&#8221;]\r\n<div class=\"wpb_wrapper wpb_text_column td_block_wrap td_block_wrap vc_column_text td_uid_14_69f71173dc5ef_rand  td-pb-border-top td_block_template_10\"  data-td-block-uid=\"td_uid_14_69f71173dc5ef\" \"><div class=\"td-block-title-wrap\"><\/div><div class=\"td-fix-index\"><p>I pellegrini potrebbero arrivare un giorno prima (27 luglio 2025) e andare via un giorno dopo (04 agosto 2025) rispetto alle date previste del Giubileo Giovani.<\/p>\n<p>I bagni chimici in aggiunta ai servizi gi\u00e0 disponibili nei luoghi di accoglienza sono a carico e verranno consegnati a cura dell\u2019Ufficio del Commissario Straordinario per il Giubileo 2025, previa mappatura. I locali non mappati non avranno a disposizione bagni e colazioni. Quanto alle scuole statali saranno contattate e mappate dall\u2019Ufficio del Commissario Straordinario che penser\u00e0 alla loro gestione durante il Giubileo dei Giovani.<\/p>\n<\/div><\/div>[\/vc_tta_section][vc_tta_section title=&#8221;<strong>Programma Settimana Giubileo<\/strong>&#8221; tab_id=&#8221;1728486759803-5d9fbc00-c95d&#8221;]\r\n\r\n<div class=\"wpb_wrapper wpb_text_column td_block_wrap td_block_wrap vc_column_text td_uid_15_69f71173ddaa2_rand  td-pb-border-top td_block_template_10\"  data-td-block-uid=\"td_uid_15_69f71173ddaa2\" \"><div class=\"td-block-title-wrap\"><\/div><div class=\"td-fix-index\"><ul>\n<li>Luned\u00ec 28\/07\/2025 arrivi e sistemazioni;<\/li>\n<li>Marted\u00ec 29\/07\/2025 accoglienza a San Pietro;<\/li>\n<li>Mercoled\u00ec 30\/07\/2025 attivit\u00e0 varie e passaggio Porta Santa;<\/li>\n<li>Gioved\u00ec 31\/07\/2025 attivit\u00e0 varie e passaggio Porta Santa;<\/li>\n<li>Venerd\u00ec 01\/08\/2025 Sacramento della Riconciliazione al Circo Massimo;<\/li>\n<li>Sabato 02\/08\/2025 e Domenica 03\/08\/2025 Veglia e Santa Messa a Tor Vergata.<\/li>\n<\/ul>\n<\/div><\/div>[\/vc_tta_section][vc_tta_section title=&#8221;<strong>Volontari<\/strong>&#8221; tab_id=&#8221;1728486804854-45323b08-da44&#8243;]\r\n<div class=\"wpb_wrapper wpb_text_column td_block_wrap td_block_wrap vc_column_text td_uid_16_69f71173ddc11_rand  td-pb-border-top td_block_template_10\"  data-td-block-uid=\"td_uid_16_69f71173ddc11\" \"><div class=\"td-block-title-wrap\"><\/div><div class=\"td-fix-index\"><p>Il volontario che sceglie di prestare servizio per il Giubileo dei Giovani nelle <strong>comunit\u00e0 parrocchiali<\/strong> \u00e8 chiamato anzitutto ad una presenza <strong>viva e testimone<\/strong> di ci\u00f2 che rappresenter\u00e0 questa settimana. I volontari devono registrarsi e devono avere minimo 18 anni.<\/p>\n<p>Per la registrazione occorre contattare i sacerdoti della Parrocchia di provenienza e provvedere alla compilazione di un apposito modulo che verr\u00e0 da loro fornito. In caso di difficolt\u00e0, potete scriverci a <a href=\"mailto:giubileo.giovani@diocesidiroma.it\">giubileo.giovani@diocesidiroma.it<\/a><\/p>\n<p>Ai volontari verr\u00e0 garantito:<\/p>\n<ul>\n<li>copertura assicurativa ad opera del Dicastero per l\u2019Evangelizzazione;<\/li>\n<li>vitto per il periodo del servizio;<\/li>\n<li>accesso specifico in un determinato settore durante la Veglia con il Papa, presso Tor Vergata.<\/li>\n<\/ul>\n<p>Nel pratico, l\u2019incarico comprende l\u2019<strong>accoglienza<\/strong> e la <strong>cura <\/strong>per tutti i giovani pellegrini che verranno a vivere l\u2019esperienza giubilare. Alcune di queste mansioni sono:<\/p>\n<ul>\n<li>Prima accoglienza negli alloggi dei pellegrini<\/li>\n<li>La distribuzione delle colazioni<\/li>\n<li>Il presidio e pulizia delle strutture<\/li>\n<\/ul>\n<p>Precisiamo che <strong>essere volontari<\/strong> per il Giubileo dei Giovani non esclude la possibilit\u00e0 di vivere un avvenimento che \u00e8 rivolto a tutti i giovani del mondo: \u00e8 semplicemente una partecipazione diversa.<\/p>\n<p>Del resto, spetta ai padroni di casa ospitare!<\/p>\n<\/div><\/div>[\/vc_tta_section][vc_tta_section title=&#8221;<strong>Formazione per i Volontari Romani<\/strong>&#8221; tab_id=&#8221;1728486806414-825167e3-c7de&#8221;]\r\n<div class=\"wpb_wrapper wpb_text_column td_block_wrap td_block_wrap vc_column_text td_uid_17_69f71173ddd57_rand  td-pb-border-top td_block_template_10\"  data-td-block-uid=\"td_uid_17_69f71173ddd57\" \"><div class=\"td-block-title-wrap\"><\/div><div class=\"td-fix-index\"><p>Sono previsti due incontri formativi con i Referenti di Prefettura e il loro gruppo di lavoro (composto da 3 volontari per ciascuna Parrocchia di Prefettura) per che si terranno approssimativamente nei mesi di maggio e giugno 2025.<\/p>\n<p>Le date saranno comunicate in seguito.<\/p>\n<p>Gli incontri saranno svolti in collaborazione con il Dicastero per l\u2019Evangelizzazione.<\/p>\n<\/div><\/div>[\/vc_tta_section][vc_tta_section title=&#8221;<strong>Appuntamenti per i Giovani Romani<\/strong>&#8221; tab_id=&#8221;1728486866679-b5ceb10a-024f&#8221;]\r\n<div class=\"wpb_wrapper wpb_text_column td_block_wrap td_block_wrap vc_column_text td_uid_18_69f71173dde76_rand  td-pb-border-top td_block_template_10\"  data-td-block-uid=\"td_uid_18_69f71173dde76\" \"><div class=\"td-block-title-wrap\"><\/div><div class=\"td-fix-index\"><p>Accompagnamento al Giubileo dei Giovani. Di seguito vi proponiamo le date degli argomenti trattati.<\/p>\n<ol>\n<li><strong>Pellegrinaggi\u00a0<\/strong><\/li>\n<\/ol>\n<p>Proponiamo <strong>3 pellegrinaggi<\/strong> sui passi dei santi che danno il nome alle Basiliche che apriranno le Porte Sante durante il Giubileo:<\/p>\n<ul>\n<li>San Paolo fuori le mura: venerd\u00ec 7 febbraio 2025, dalle 21:00 alle 01:30<\/li>\n<li>San Giovanni in Laterano: venerd\u00ec 4 aprile 2025, dalle 21:00 alle 01:30<\/li>\n<li>Santa Maria Maggiore: venerd\u00ec 6 giugno 2025, dalle 21:00 alle 01:30<\/li>\n<\/ul>\n<p>Il pellegrinaggio \u00e8 svolto a tappe, accompagnate da catechesi sul tema giubilare \u201cPellegrini di Speranza\u201d e sulla la vita dei santi delle Basiliche.<\/p>\n<p>Per rendere pi\u00f9 partecipativo il pellegrinaggio, verr\u00e0 data la possibilit\u00e0 di rispondere alle curiosit\u00e0 e domande che avranno i pellegrini. La proposta nasce per mettere <strong>gi\u00e0 in cammino<\/strong> i giovani e la comunit\u00e0 romana verso il pellegrinaggio che il mondo vivr\u00e0 verso Roma, sperando che possa non solo arricchire l\u2019<strong>identit\u00e0<\/strong> di una chiesa romana ma anche suscitare il desiderio e il bisogno di accoglienza del pellegrino.<\/p>\n<ol start=\"2\">\n<li><strong>Momenti di condivisione<\/strong><\/li>\n<\/ol>\n<p>Domenica 24 novembre 2024 (GMG Diocesana)<\/p>\n<p>Sabato 17 maggio 2025 (ORES Day)<\/p>\n<p>Ci sar\u00e0 la possibilit\u00e0 di vivere due grandi <strong>incontri ed eventi<\/strong> che possono aiutare a far nascere e consolidare la rete dei giovani romani che si sta gi\u00e0 creando. Questo pu\u00f2 aiutare ad incentivare la presenza e partecipazione dei giovani nell\u2018animazione, non solo materiale ma anche spirituale, durante il Giubileo dei Giovani.<\/p>\n<p>Gli eventi favorirebbero la presa di consapevolezza dei giovani romani di <strong>non essere soli<\/strong>.<\/p>\n<ol start=\"3\">\n<li><strong>Libro<\/strong><\/li>\n<\/ol>\n<ul>\n<li>Presentazione venerd\u00ec 7 gennaio 2025 ore 19-20<\/li>\n<\/ul>\n<p>A nostro avviso \u00e8 necessario anche un linguaggio e una meditazione unica.<\/p>\n<p>In merito a questo proponiamo la scrittura e pubblicazione di un<strong> libro<\/strong> sul significato di \u201cpellegrini di speranza\u201d.<\/p>\n<p>La scelta ricade su un libro pi\u00f9 che su un sussidio, in modo da poter rimanere nel tempo e dare la giusta importanza ad una tematica cos\u00ec importante e vicina al linguaggio nuovo dei giovani. Il libro oltre ad avere una valenza di riflessione e chiarimento sul tema giubilare, pensiamo che possa essere accompagnato da risposte concrete sulle domande dei giovani in merito al tema della <strong>speranza<\/strong>. Per questo motivo vi invitiamo a raccogliere le domande dei giovani e comunicarcele per e-mail.<\/p>\n<ol start=\"4\">\n<li><strong>Giro reliquie e croce<\/strong><\/li>\n<\/ol>\n<p>Proponiamo il giro nelle prefetture romane delle reliquie di <strong>San Giovanni Paolo II<\/strong>, del beato <strong>Carlo Acutis<\/strong> e del beato <strong>Pier Giorgio Frassati<\/strong>. La mappa delle parrocchie presso cui, per la durata di una settimana ciascuna, stazioner\u00e0 ciascuna reliquia \u00e8 visionabile nella sezione \u201cRELIQUIE\u201d di questo sito.<\/p>\n<\/div><\/div>[\/vc_tta_section][\/vc_tta_tour]<\/div><\/div><\/div><\/div><div class=\"wpb_wrapper td_block_empty_space td_block_wrap vc_empty_space td_uid_19_69f71173de09c_rand \"  style=\"height: 50px\"><\/div><div id=\"td_uid_12_69f71173de0b0\" class=\"tdc-row stretch_row_content td-stretch-content\"><div class=\"vc_row td_uid_20_69f71173de0b2_rand  wpb_row td-pb-row\" >\n<style scoped>\n\n\/* inline tdc_css att *\/\n\n.td_uid_20_69f71173de0b2_rand{\npadding-right:5% !important;\npadding-left:5% !important;\n}\n\n.td_uid_20_69f71173de0b2_rand .td_block_wrap{ text-align:left }\n\n<\/style><div class=\"vc_column td_uid_21_69f71173de11e_rand  wpb_column vc_column_container tdc-column td-pb-span7\"><div class=\"wpb_wrapper\"><div class=\"vc_row_inner td_uid_22_69f71173de14e_rand  vc_row vc_inner wpb_row td-pb-row\" >\n<style scoped>\n\n\/* custom css *\/\n@media (min-width: 768px) {\r\n\t                .td_uid_22_69f71173de14e_rand {\r\n\t                    margin-left: -5px;\r\n\t                    margin-right: -5px;\r\n\t                }\r\n\t                .td_uid_22_69f71173de14e_rand .vc_column_inner {\r\n\t                    padding-left: 5px;\r\n\t                    padding-right: 5px;\r\n\t                }\r\n                }\n<\/style><div class=\"vc_column_inner td_uid_23_69f71173de17e_rand  wpb_column vc_column_container tdc-inner-column td-pb-span12\"><div class=\"vc_column-inner\"><div class=\"wpb_wrapper\"><div class=\"td_block_wrap td_block_title td_uid_24_69f71173de1b1_rand td-pb-border-top td_block_template_10\"  data-td-block-uid=\"td_uid_24_69f71173de1b1\" >\n<style>\n\n\/* custom css *\/\n.td_uid_24_69f71173de1b1_rand .td-block-title a,\r\n\t\t\t\t.td_uid_24_69f71173de1b1_rand .td-block-title span {\r\n\t\t\t\t\tfont-size:38px !important;\r\n\t\t\t\t}\n<\/style><h4 class=\"td-block-title\"><a href=\"https:\/\/www.diocesidiroma.it\/serviziotutelaminori\/index.php\/category\/notizie\/\" class=\"td-pulldown-size\">News<\/a><\/h4><div class=\"td_mod_wrap\"><\/div><\/div><div class=\"td_block_wrap td_block_18 td_uid_25_69f71173de33b_rand td-pb-border-top td_block_template_10 td-column-1\"  data-td-block-uid=\"td_uid_25_69f71173de33b\" ><script>var block_td_uid_25_69f71173de33b = new tdBlock();\nblock_td_uid_25_69f71173de33b.id = \"td_uid_25_69f71173de33b\";\nblock_td_uid_25_69f71173de33b.atts = '{\"limit\":\"1\",\"m6_tl\":\"0\",\"m4_el\":\"0\",\"category_id\":\"4\",\"ajax_pagination\":\"\",\"separator\":\"\",\"custom_title\":\"\",\"custom_url\":\"\",\"block_template_id\":\"\",\"mx8_tl\":\"\",\"m10_tl\":\"\",\"m10_el\":\"\",\"mx2_tl\":\"\",\"post_ids\":\"\",\"category_ids\":\"\",\"tag_slug\":\"\",\"autors_id\":\"\",\"installed_post_types\":\"\",\"sort\":\"\",\"offset\":\"\",\"el_class\":\"\",\"td_ajax_filter_type\":\"\",\"td_ajax_filter_ids\":\"\",\"td_filter_default_txt\":\"All\",\"td_ajax_preloading\":\"\",\"f_header_font_header\":\"\",\"f_header_font_title\":\"Block header\",\"f_header_font_reset\":\"\",\"f_header_font_family\":\"\",\"f_header_font_size\":\"\",\"f_header_font_line_height\":\"\",\"f_header_font_style\":\"\",\"f_header_font_weight\":\"\",\"f_header_font_transform\":\"\",\"f_header_font_spacing\":\"\",\"f_header_\":\"\",\"f_ajax_font_title\":\"Ajax categories\",\"f_ajax_font_reset\":\"\",\"f_ajax_font_family\":\"\",\"f_ajax_font_size\":\"\",\"f_ajax_font_line_height\":\"\",\"f_ajax_font_style\":\"\",\"f_ajax_font_weight\":\"\",\"f_ajax_font_transform\":\"\",\"f_ajax_font_spacing\":\"\",\"f_ajax_\":\"\",\"f_more_font_title\":\"Load more button\",\"f_more_font_reset\":\"\",\"f_more_font_family\":\"\",\"f_more_font_size\":\"\",\"f_more_font_line_height\":\"\",\"f_more_font_style\":\"\",\"f_more_font_weight\":\"\",\"f_more_font_transform\":\"\",\"f_more_font_spacing\":\"\",\"f_more_\":\"\",\"mx8f_title_font_header\":\"\",\"mx8f_title_font_title\":\"Article title\",\"mx8f_title_font_reset\":\"\",\"mx8f_title_font_family\":\"\",\"mx8f_title_font_size\":\"\",\"mx8f_title_font_line_height\":\"\",\"mx8f_title_font_style\":\"\",\"mx8f_title_font_weight\":\"\",\"mx8f_title_font_transform\":\"\",\"mx8f_title_font_spacing\":\"\",\"mx8f_title_\":\"\",\"mx8f_cat_font_title\":\"Article category tag\",\"mx8f_cat_font_reset\":\"\",\"mx8f_cat_font_family\":\"\",\"mx8f_cat_font_size\":\"\",\"mx8f_cat_font_line_height\":\"\",\"mx8f_cat_font_style\":\"\",\"mx8f_cat_font_weight\":\"\",\"mx8f_cat_font_transform\":\"\",\"mx8f_cat_font_spacing\":\"\",\"mx8f_cat_\":\"\",\"mx8f_meta_font_title\":\"Article meta info\",\"mx8f_meta_font_reset\":\"\",\"mx8f_meta_font_family\":\"\",\"mx8f_meta_font_size\":\"\",\"mx8f_meta_font_line_height\":\"\",\"mx8f_meta_font_style\":\"\",\"mx8f_meta_font_weight\":\"\",\"mx8f_meta_font_transform\":\"\",\"mx8f_meta_font_spacing\":\"\",\"mx8f_meta_\":\"\",\"m10f_title_font_header\":\"\",\"m10f_title_font_title\":\"Article title\",\"m10f_title_font_reset\":\"\",\"m10f_title_font_family\":\"\",\"m10f_title_font_size\":\"\",\"m10f_title_font_line_height\":\"\",\"m10f_title_font_style\":\"\",\"m10f_title_font_weight\":\"\",\"m10f_title_font_transform\":\"\",\"m10f_title_font_spacing\":\"\",\"m10f_title_\":\"\",\"m10f_cat_font_title\":\"Article category tag\",\"m10f_cat_font_reset\":\"\",\"m10f_cat_font_family\":\"\",\"m10f_cat_font_size\":\"\",\"m10f_cat_font_line_height\":\"\",\"m10f_cat_font_style\":\"\",\"m10f_cat_font_weight\":\"\",\"m10f_cat_font_transform\":\"\",\"m10f_cat_font_spacing\":\"\",\"m10f_cat_\":\"\",\"m10f_meta_font_title\":\"Article meta info\",\"m10f_meta_font_reset\":\"\",\"m10f_meta_font_family\":\"\",\"m10f_meta_font_size\":\"\",\"m10f_meta_font_line_height\":\"\",\"m10f_meta_font_style\":\"\",\"m10f_meta_font_weight\":\"\",\"m10f_meta_font_transform\":\"\",\"m10f_meta_font_spacing\":\"\",\"m10f_meta_\":\"\",\"m10f_ex_font_title\":\"Article excerpt\",\"m10f_ex_font_reset\":\"\",\"m10f_ex_font_family\":\"\",\"m10f_ex_font_size\":\"\",\"m10f_ex_font_line_height\":\"\",\"m10f_ex_font_style\":\"\",\"m10f_ex_font_weight\":\"\",\"m10f_ex_font_transform\":\"\",\"m10f_ex_font_spacing\":\"\",\"m10f_ex_\":\"\",\"mx2f_title_font_header\":\"\",\"mx2f_title_font_title\":\"Article title\",\"mx2f_title_font_reset\":\"\",\"mx2f_title_font_family\":\"\",\"mx2f_title_font_size\":\"\",\"mx2f_title_font_line_height\":\"\",\"mx2f_title_font_style\":\"\",\"mx2f_title_font_weight\":\"\",\"mx2f_title_font_transform\":\"\",\"mx2f_title_font_spacing\":\"\",\"mx2f_title_\":\"\",\"mx2f_cat_font_title\":\"Article category tag\",\"mx2f_cat_font_reset\":\"\",\"mx2f_cat_font_family\":\"\",\"mx2f_cat_font_size\":\"\",\"mx2f_cat_font_line_height\":\"\",\"mx2f_cat_font_style\":\"\",\"mx2f_cat_font_weight\":\"\",\"mx2f_cat_font_transform\":\"\",\"mx2f_cat_font_spacing\":\"\",\"mx2f_cat_\":\"\",\"mx2f_meta_font_title\":\"Article meta info\",\"mx2f_meta_font_reset\":\"\",\"mx2f_meta_font_family\":\"\",\"mx2f_meta_font_size\":\"\",\"mx2f_meta_font_line_height\":\"\",\"mx2f_meta_font_style\":\"\",\"mx2f_meta_font_weight\":\"\",\"mx2f_meta_font_transform\":\"\",\"mx2f_meta_font_spacing\":\"\",\"mx2f_meta_\":\"\",\"ajax_pagination_infinite_stop\":\"\",\"css\":\"\",\"tdc_css\":\"\",\"td_column_number\":1,\"header_color\":\"\",\"color_preset\":\"\",\"border_top\":\"\",\"class\":\"td_uid_25_69f71173de33b_rand\",\"tdc_css_class\":\"td_uid_25_69f71173de33b_rand\",\"tdc_css_class_style\":\"td_uid_25_69f71173de33b_rand_style\"}';\nblock_td_uid_25_69f71173de33b.td_column_number = \"1\";\nblock_td_uid_25_69f71173de33b.block_type = \"td_block_18\";\nblock_td_uid_25_69f71173de33b.post_count = \"1\";\nblock_td_uid_25_69f71173de33b.found_posts = \"4\";\nblock_td_uid_25_69f71173de33b.header_color = \"\";\nblock_td_uid_25_69f71173de33b.ajax_pagination_infinite_stop = \"\";\nblock_td_uid_25_69f71173de33b.max_num_pages = \"4\";\ntdBlocksArray.push(block_td_uid_25_69f71173de33b);\n<\/script><div class=\"td-block-title-wrap\"><\/div><div id=td_uid_25_69f71173de33b class=\"td_block_inner td-column-1\">\r\n        <div class=\"td_module_mx8 td_module_wrap td-animation-stack td-meta-info-hide\">\r\n            <div class=\"meta-info-container\">\r\n                <div class=\"td-module-thumb\"><a href=\"https:\/\/www.diocesidiroma.it\/giubileo-giovani\/index.php\/programma_giubileo_giovani\/\" rel=\"bookmark\" class=\"td-image-wrap\" title=\"GIUBILEO GIOVANI: IL PROGRAMMA\"><img loading=\"lazy\" decoding=\"async\" width=\"696\" height=\"385\" class=\"entry-thumb\" src=\"https:\/\/www.diocesidiroma.it\/giubileo-giovani\/wp-content\/uploads\/2024\/12\/Programma-696x385.png\" alt=\"\" title=\"GIUBILEO GIOVANI: IL PROGRAMMA\"\/><\/a><\/div>\r\n                <div class=\"td-module-meta-info\">\r\n                    <h3 class=\"entry-title td-module-title\"><a href=\"https:\/\/www.diocesidiroma.it\/giubileo-giovani\/index.php\/programma_giubileo_giovani\/\" rel=\"bookmark\" title=\"GIUBILEO GIOVANI: IL PROGRAMMA\">GIUBILEO GIOVANI: IL PROGRAMMA<\/a><\/h3>                                        <span class=\"td-author-date\">\r\n                                                                                            <\/span>\r\n                <\/div>\r\n            <\/div>\r\n\r\n        <\/div>\r\n\r\n        <\/div><\/div> <!-- .\/block --><\/div><\/div><\/div><\/div><\/div><\/div><div class=\"vc_column td_uid_26_69f71173df8e3_rand  wpb_column vc_column_container tdc-column td-pb-span5\"><div class=\"wpb_wrapper\"><div class=\"wpb_wrapper td_block_wrap vc_widget_sidebar td_uid_27_69f71173df91f_rand \" ><aside class=\"td_block_template_10 widget tribe-events-adv-list-widget\"><h4 class=\"td-block-title\"><span>Eventi in PrimoPiano<\/span><\/h4>\t<p>There are no upcoming events at this time.<\/p>\n<\/aside><aside class=\"td_block_template_10 widget tribe_mini_calendar_widget\"><h4 class=\"td-block-title\"><span>Calendario Eventi<\/span><\/h4>\n<!-- Removing this wrapper class will break the calendar JavaScript, please avoid and extend as needed -->\n\n<div class=\"tribe-mini-calendar-wrapper\">\n\n\t<!-- Grid -->\n\t\n<div class=\"tribe-mini-calendar-grid-wrapper\">\n\t<table class=\"tribe-mini-calendar\"  data-count=\"3\" data-eventDate=\"2026-05-01\" data-tax-query=\"\" data-nonce=\"8e0c9ede1c\">\n\t\t\t\t<thead class=\"tribe-mini-calendar-nav\">\n\t\t<tr>\n\t\t\t<td colspan=\"7\">\n\t\t\t\t<div>\n\t\t\t\t\t<a class=\"tribe-mini-calendar-nav-link prev-month\" href=\"#\" data-month=\"2026-04-01\" title=\"Aprile\"><span>&laquo;<\/span><\/a>\t\t\t\t\t<span id=\"tribe-mini-calendar-month-0\">Maggio 2026<\/span>\n\t\t\t\t\t<a class=\"tribe-mini-calendar-nav-link next-month\" href=\"#\" data-month=\"2026-06-01\" title=\"Giugno\"><span>&raquo;<\/span><\/a>\t\t\t\t\t<img decoding=\"async\" id=\"ajax-loading-mini\" src=\"https:\/\/www.diocesidiroma.it\/giubileo-giovani\/wp-content\/plugins\/the-events-calendar\/src\/resources\/images\/tribe-loading.gif\" alt=\"loading...\" \/>\n\t\t\t\t<\/div>\n\t\t\t<\/td>\n\t\t<\/tr>\n\t\t<\/thead>\n\t\t\t\t\t\t<thead>\n\t\t<tr>\n\t\t\t\t\t\t\t<th class=\"tribe-mini-calendar-dayofweek\">L<\/th>\n\t\t\t\t\t\t\t<th class=\"tribe-mini-calendar-dayofweek\">M<\/th>\n\t\t\t\t\t\t\t<th class=\"tribe-mini-calendar-dayofweek\">M<\/th>\n\t\t\t\t\t\t\t<th class=\"tribe-mini-calendar-dayofweek\">G<\/th>\n\t\t\t\t\t\t\t<th class=\"tribe-mini-calendar-dayofweek\">V<\/th>\n\t\t\t\t\t\t\t<th class=\"tribe-mini-calendar-dayofweek\">S<\/th>\n\t\t\t\t\t\t\t<th class=\"tribe-mini-calendar-dayofweek\">D<\/th>\n\t\t\t\n\t\t<\/tr>\n\t\t<\/thead>\n\n\n\t\t<tbody>\n\n\t\t<tr>\n\t\t\t\t\t\t\t\t\t<td class=\"tribe-events-othermonth tribe-events-past mobile-trigger tribe-event-day-27\">\n\t\t\t\t\n\n\n\t<div id=\"daynum-27-0\">\n\t\t<span class=\"tribe-mini-calendar-no-event\">27<\/span>\t<\/div>\n\n\t\t\t<\/td>\n\t\t\t\t\t\t\t\t\t<td class=\"tribe-events-othermonth tribe-events-past mobile-trigger tribe-event-day-28\">\n\t\t\t\t\n\n\n\t<div id=\"daynum-28-0\">\n\t\t<span class=\"tribe-mini-calendar-no-event\">28<\/span>\t<\/div>\n\n\t\t\t<\/td>\n\t\t\t\t\t\t\t\t\t<td class=\"tribe-events-othermonth tribe-events-past mobile-trigger tribe-event-day-29\">\n\t\t\t\t\n\n\n\t<div id=\"daynum-29-0\">\n\t\t<span class=\"tribe-mini-calendar-no-event\">29<\/span>\t<\/div>\n\n\t\t\t<\/td>\n\t\t\t\t\t\t\t\t\t<td class=\"tribe-events-othermonth tribe-events-past mobile-trigger tribe-event-day-30\">\n\t\t\t\t\n\n\n\t<div id=\"daynum-30-0\">\n\t\t<span class=\"tribe-mini-calendar-no-event\">30<\/span>\t<\/div>\n\n\t\t\t<\/td>\n\t\t\t\t\t\t\t\t\t<td class=\"tribe-events-thismonth tribe-events-past mobile-trigger tribe-event-day-01 tribe-events-right\">\n\t\t\t\t\n\n\n\t<div id=\"daynum-1-0\">\n\t\t<span class=\"tribe-mini-calendar-no-event\">1<\/span>\t<\/div>\n\n\t\t\t<\/td>\n\t\t\t\t\t\t\t\t\t<td class=\"tribe-events-thismonth tribe-events-past mobile-trigger tribe-event-day-02 tribe-events-right\">\n\t\t\t\t\n\n\n\t<div id=\"daynum-2-0\">\n\t\t<span class=\"tribe-mini-calendar-no-event\">2<\/span>\t<\/div>\n\n\t\t\t<\/td>\n\t\t\t\t\t\t\t\t\t<td class=\"tribe-events-thismonth tribe-events-present mobile-trigger tribe-event-day-03 tribe-events-right\">\n\t\t\t\t\n\n\n\t<div id=\"daynum-3-0\">\n\t\t<span class=\"tribe-mini-calendar-no-event\">3<\/span>\t<\/div>\n\n\t\t\t<\/td>\n\t\t\t\t\t\t\t\t<\/tr>\n\t\t<tr>\n\t\t\t\t\t\t<td class=\"tribe-events-thismonth tribe-events-future mobile-trigger tribe-event-day-04\">\n\t\t\t\t\n\n\n\t<div id=\"daynum-4-0\">\n\t\t<span class=\"tribe-mini-calendar-no-event\">4<\/span>\t<\/div>\n\n\t\t\t<\/td>\n\t\t\t\t\t\t\t\t\t<td class=\"tribe-events-thismonth tribe-events-future mobile-trigger tribe-event-day-05\">\n\t\t\t\t\n\n\n\t<div id=\"daynum-5-0\">\n\t\t<span class=\"tribe-mini-calendar-no-event\">5<\/span>\t<\/div>\n\n\t\t\t<\/td>\n\t\t\t\t\t\t\t\t\t<td class=\"tribe-events-thismonth tribe-events-future mobile-trigger tribe-event-day-06\">\n\t\t\t\t\n\n\n\t<div id=\"daynum-6-0\">\n\t\t<span class=\"tribe-mini-calendar-no-event\">6<\/span>\t<\/div>\n\n\t\t\t<\/td>\n\t\t\t\t\t\t\t\t\t<td class=\"tribe-events-thismonth tribe-events-future mobile-trigger tribe-event-day-07\">\n\t\t\t\t\n\n\n\t<div id=\"daynum-7-0\">\n\t\t<span class=\"tribe-mini-calendar-no-event\">7<\/span>\t<\/div>\n\n\t\t\t<\/td>\n\t\t\t\t\t\t\t\t\t<td class=\"tribe-events-thismonth tribe-events-future mobile-trigger tribe-event-day-08 tribe-events-right\">\n\t\t\t\t\n\n\n\t<div id=\"daynum-8-0\">\n\t\t<span class=\"tribe-mini-calendar-no-event\">8<\/span>\t<\/div>\n\n\t\t\t<\/td>\n\t\t\t\t\t\t\t\t\t<td class=\"tribe-events-thismonth tribe-events-future mobile-trigger tribe-event-day-09 tribe-events-right\">\n\t\t\t\t\n\n\n\t<div id=\"daynum-9-0\">\n\t\t<span class=\"tribe-mini-calendar-no-event\">9<\/span>\t<\/div>\n\n\t\t\t<\/td>\n\t\t\t\t\t\t\t\t\t<td class=\"tribe-events-thismonth tribe-events-future mobile-trigger tribe-event-day-10 tribe-events-right\">\n\t\t\t\t\n\n\n\t<div id=\"daynum-10-0\">\n\t\t<span class=\"tribe-mini-calendar-no-event\">10<\/span>\t<\/div>\n\n\t\t\t<\/td>\n\t\t\t\t\t\t\t\t<\/tr>\n\t\t<tr>\n\t\t\t\t\t\t<td class=\"tribe-events-thismonth tribe-events-future mobile-trigger tribe-event-day-11\">\n\t\t\t\t\n\n\n\t<div id=\"daynum-11-0\">\n\t\t<span class=\"tribe-mini-calendar-no-event\">11<\/span>\t<\/div>\n\n\t\t\t<\/td>\n\t\t\t\t\t\t\t\t\t<td class=\"tribe-events-thismonth tribe-events-future mobile-trigger tribe-event-day-12\">\n\t\t\t\t\n\n\n\t<div id=\"daynum-12-0\">\n\t\t<span class=\"tribe-mini-calendar-no-event\">12<\/span>\t<\/div>\n\n\t\t\t<\/td>\n\t\t\t\t\t\t\t\t\t<td class=\"tribe-events-thismonth tribe-events-future mobile-trigger tribe-event-day-13\">\n\t\t\t\t\n\n\n\t<div id=\"daynum-13-0\">\n\t\t<span class=\"tribe-mini-calendar-no-event\">13<\/span>\t<\/div>\n\n\t\t\t<\/td>\n\t\t\t\t\t\t\t\t\t<td class=\"tribe-events-thismonth tribe-events-future mobile-trigger tribe-event-day-14\">\n\t\t\t\t\n\n\n\t<div id=\"daynum-14-0\">\n\t\t<span class=\"tribe-mini-calendar-no-event\">14<\/span>\t<\/div>\n\n\t\t\t<\/td>\n\t\t\t\t\t\t\t\t\t<td class=\"tribe-events-thismonth tribe-events-future mobile-trigger tribe-event-day-15 tribe-events-right\">\n\t\t\t\t\n\n\n\t<div id=\"daynum-15-0\">\n\t\t<span class=\"tribe-mini-calendar-no-event\">15<\/span>\t<\/div>\n\n\t\t\t<\/td>\n\t\t\t\t\t\t\t\t\t<td class=\"tribe-events-thismonth tribe-events-future mobile-trigger tribe-event-day-16 tribe-events-right\">\n\t\t\t\t\n\n\n\t<div id=\"daynum-16-0\">\n\t\t<span class=\"tribe-mini-calendar-no-event\">16<\/span>\t<\/div>\n\n\t\t\t<\/td>\n\t\t\t\t\t\t\t\t\t<td class=\"tribe-events-thismonth tribe-events-future mobile-trigger tribe-event-day-17 tribe-events-right\">\n\t\t\t\t\n\n\n\t<div id=\"daynum-17-0\">\n\t\t<span class=\"tribe-mini-calendar-no-event\">17<\/span>\t<\/div>\n\n\t\t\t<\/td>\n\t\t\t\t\t\t\t\t<\/tr>\n\t\t<tr>\n\t\t\t\t\t\t<td class=\"tribe-events-thismonth tribe-events-future mobile-trigger tribe-event-day-18\">\n\t\t\t\t\n\n\n\t<div id=\"daynum-18-0\">\n\t\t<span class=\"tribe-mini-calendar-no-event\">18<\/span>\t<\/div>\n\n\t\t\t<\/td>\n\t\t\t\t\t\t\t\t\t<td class=\"tribe-events-thismonth tribe-events-future mobile-trigger tribe-event-day-19\">\n\t\t\t\t\n\n\n\t<div id=\"daynum-19-0\">\n\t\t<span class=\"tribe-mini-calendar-no-event\">19<\/span>\t<\/div>\n\n\t\t\t<\/td>\n\t\t\t\t\t\t\t\t\t<td class=\"tribe-events-thismonth tribe-events-future mobile-trigger tribe-event-day-20\">\n\t\t\t\t\n\n\n\t<div id=\"daynum-20-0\">\n\t\t<span class=\"tribe-mini-calendar-no-event\">20<\/span>\t<\/div>\n\n\t\t\t<\/td>\n\t\t\t\t\t\t\t\t\t<td class=\"tribe-events-thismonth tribe-events-future mobile-trigger tribe-event-day-21\">\n\t\t\t\t\n\n\n\t<div id=\"daynum-21-0\">\n\t\t<span class=\"tribe-mini-calendar-no-event\">21<\/span>\t<\/div>\n\n\t\t\t<\/td>\n\t\t\t\t\t\t\t\t\t<td class=\"tribe-events-thismonth tribe-events-future mobile-trigger tribe-event-day-22 tribe-events-right\">\n\t\t\t\t\n\n\n\t<div id=\"daynum-22-0\">\n\t\t<span class=\"tribe-mini-calendar-no-event\">22<\/span>\t<\/div>\n\n\t\t\t<\/td>\n\t\t\t\t\t\t\t\t\t<td class=\"tribe-events-thismonth tribe-events-future mobile-trigger tribe-event-day-23 tribe-events-right\">\n\t\t\t\t\n\n\n\t<div id=\"daynum-23-0\">\n\t\t<span class=\"tribe-mini-calendar-no-event\">23<\/span>\t<\/div>\n\n\t\t\t<\/td>\n\t\t\t\t\t\t\t\t\t<td class=\"tribe-events-thismonth tribe-events-future mobile-trigger tribe-event-day-24 tribe-events-right\">\n\t\t\t\t\n\n\n\t<div id=\"daynum-24-0\">\n\t\t<span class=\"tribe-mini-calendar-no-event\">24<\/span>\t<\/div>\n\n\t\t\t<\/td>\n\t\t\t\t\t\t\t\t<\/tr>\n\t\t<tr>\n\t\t\t\t\t\t<td class=\"tribe-events-thismonth tribe-events-future mobile-trigger tribe-event-day-25\">\n\t\t\t\t\n\n\n\t<div id=\"daynum-25-0\">\n\t\t<span class=\"tribe-mini-calendar-no-event\">25<\/span>\t<\/div>\n\n\t\t\t<\/td>\n\t\t\t\t\t\t\t\t\t<td class=\"tribe-events-thismonth tribe-events-future mobile-trigger tribe-event-day-26\">\n\t\t\t\t\n\n\n\t<div id=\"daynum-26-0\">\n\t\t<span class=\"tribe-mini-calendar-no-event\">26<\/span>\t<\/div>\n\n\t\t\t<\/td>\n\t\t\t\t\t\t\t\t\t<td class=\"tribe-events-thismonth tribe-events-future mobile-trigger tribe-event-day-27\">\n\t\t\t\t\n\n\n\t<div id=\"daynum-27-1\">\n\t\t<span class=\"tribe-mini-calendar-no-event\">27<\/span>\t<\/div>\n\n\t\t\t<\/td>\n\t\t\t\t\t\t\t\t\t<td class=\"tribe-events-thismonth tribe-events-future mobile-trigger tribe-event-day-28\">\n\t\t\t\t\n\n\n\t<div id=\"daynum-28-1\">\n\t\t<span class=\"tribe-mini-calendar-no-event\">28<\/span>\t<\/div>\n\n\t\t\t<\/td>\n\t\t\t\t\t\t\t\t\t<td class=\"tribe-events-thismonth tribe-events-future mobile-trigger tribe-event-day-29 tribe-events-right\">\n\t\t\t\t\n\n\n\t<div id=\"daynum-29-1\">\n\t\t<span class=\"tribe-mini-calendar-no-event\">29<\/span>\t<\/div>\n\n\t\t\t<\/td>\n\t\t\t\t\t\t\t\t\t<td class=\"tribe-events-thismonth tribe-events-future mobile-trigger tribe-event-day-30 tribe-events-right\">\n\t\t\t\t\n\n\n\t<div id=\"daynum-30-1\">\n\t\t<span class=\"tribe-mini-calendar-no-event\">30<\/span>\t<\/div>\n\n\t\t\t<\/td>\n\t\t\t\t\t\t\t\t\t<td class=\"tribe-events-thismonth tribe-events-future mobile-trigger tribe-event-day-31 tribe-events-right\">\n\t\t\t\t\n\n\n\t<div id=\"daynum-31-0\">\n\t\t<span class=\"tribe-mini-calendar-no-event\">31<\/span>\t<\/div>\n\n\t\t\t<\/td>\n\t\t\t\t\t<\/tr>\n\t\t<\/tbody>\n\t\t\t<\/table>\n<\/div> <!-- .tribe-mini-calendar-grid-wrapper -->\n\n\t<!-- List -->\n\t\n<div class=\"tribe-mini-calendar-list-wrapper\">\n\t<div class=\"tribe-events-loop\">\n\n\t\t\n\t<\/div><!-- .tribe-events-loop -->\n<\/div> <!-- .tribe-mini-calendar-list-wrapper -->\n\n<\/div>\n<\/aside><\/div><\/div><\/div><\/div><\/div>","protected":false},"excerpt":{"rendered":"\/* inline tdc_css att *\/ .td_uid_28_69f71173e27ba_rand{ padding-right:5% !important; padding-left:5% !important; } .td_uid_28_69f71173e27ba_rand .td_block_wrap{ text-align:left } \/* inline tdc_css att *\/ .td_uid_31_69f71173e285f_rand{ padding-right:5% !important; padding-left:5% !important; } .td_uid_31_69f71173e285f_rand .td_block_wrap{ text-align:left } \/* custom css *\/ .td_uid_33_69f71173e28ea_rand .td-block-title a, .td_uid_33_69f71173e28ea_rand .td-block-title span { font-size:38px !important; } \/* custom css *\/ @media (min-width: 768px) { .td_uid_34_69f71173e29d8_rand { margin-left: [...]","protected":false},"author":1,"featured_media":0,"parent":0,"menu_order":0,"comment_status":"closed","ping_status":"closed","template":"","meta":{"_themeisle_gutenberg_block_has_review":false,"amp_status":"","footnotes":""},"class_list":["post-6","page","type-page","status-publish","hentry"],"_links":{"self":[{"href":"https:\/\/www.diocesidiroma.it\/giubileo-giovani\/index.php\/wp-json\/wp\/v2\/pages\/6","targetHints":{"allow":["GET"]}}],"collection":[{"href":"https:\/\/www.diocesidiroma.it\/giubileo-giovani\/index.php\/wp-json\/wp\/v2\/pages"}],"about":[{"href":"https:\/\/www.diocesidiroma.it\/giubileo-giovani\/index.php\/wp-json\/wp\/v2\/types\/page"}],"author":[{"embeddable":true,"href":"https:\/\/www.diocesidiroma.it\/giubileo-giovani\/index.php\/wp-json\/wp\/v2\/users\/1"}],"replies":[{"embeddable":true,"href":"https:\/\/www.diocesidiroma.it\/giubileo-giovani\/index.php\/wp-json\/wp\/v2\/comments?post=6"}],"version-history":[{"count":122,"href":"https:\/\/www.diocesidiroma.it\/giubileo-giovani\/index.php\/wp-json\/wp\/v2\/pages\/6\/revisions"}],"predecessor-version":[{"id":993,"href":"https:\/\/www.diocesidiroma.it\/giubileo-giovani\/index.php\/wp-json\/wp\/v2\/pages\/6\/revisions\/993"}],"wp:attachment":[{"href":"https:\/\/www.diocesidiroma.it\/giubileo-giovani\/index.php\/wp-json\/wp\/v2\/media?parent=6"}],"curies":[{"name":"wp","href":"https:\/\/api.w.org\/{rel}","templated":true}]}}