{"id":6568,"date":"2022-06-13T08:27:39","date_gmt":"2022-06-13T06:27:39","guid":{"rendered":"https:\/\/www.diocesidiroma.it\/sostentamentocleroroma\/?page_id=6568"},"modified":"2026-02-04T09:37:57","modified_gmt":"2026-02-04T08:37:57","slug":"faq","status":"publish","type":"page","link":"https:\/\/www.diocesidiroma.it\/sostentamentocleroroma\/index.php\/sacerdoti\/faq\/","title":{"rendered":"<FAQ span style=\"font-family: footlight mt; ; font-size: 15px;padding-left:1%\">SEZIONE SACERDOTI"},"content":{"rendered":"<p>[vc_row css=&#8221;.vc_custom_1643019192757{background-position: center !important;background-repeat: no-repeat !important;background-size: cover !important;}&#8221;][vc_column width=&#8221;1\/4&#8243; css=&#8221;.vc_custom_1647952603164{background: rgba(0,0,0,0.01) url(https:\/\/www.diocesidiroma.it\/sostentamentocleroroma\/wp-content\/uploads\/2022\/01\/blu.jpg?id=5389) !important;*background-color: rgb(0,0,0) !important;}&#8221;][vc_btn title=&#8221;ISCRIZIONI E VARIAZIONI&#8221; color=&#8221;primary&#8221; size=&#8221;xs&#8221; align=&#8221;center&#8221; button_block=&#8221;true&#8221; link=&#8221;url:https%3A%2F%2Fwww.diocesidiroma.it%2Fsostentamentocleroroma%2Findex.php%2Fsacerdoti%2Fsacerdoti-iscrizione%2F|title:SEZIONE%20SACERDOTI||&#8221; css=&#8221;.vc_custom_1683115263330{margin-top: 14% !important;}&#8221;][vc_btn title=&#8221;PORTALE &#8211; SERVIZI AL SACERDOTE&#8221; color=&#8221;primary&#8221; size=&#8221;xs&#8221; align=&#8221;center&#8221; button_block=&#8221;true&#8221; link=&#8221;url:https%3A%2F%2Fwww.diocesidiroma.it%2Fsostentamentocleroroma%2Findex.php%2Fsacerdoti%2Fsacerdoti-area-personale%2F|title:SEZIONE%20SACERDOTI||&#8221; css=&#8221;.vc_custom_1680004564941{margin-top: -5% !important;}&#8221;][vc_btn title=&#8221;ASSISTENZA SANITARIA&#8221; color=&#8221;primary&#8221; size=&#8221;xs&#8221; align=&#8221;center&#8221; button_block=&#8221;true&#8221; link=&#8221;url:https%3A%2F%2Fwww.diocesidiroma.it%2Fsostentamentocleroroma%2Findex.php%2Fsacerdoti%2Fsacerdoti-polizza-sanitaria%2F|title:SEZIONE%20SACERDOTI||&#8221; css=&#8221;.vc_custom_1691141572467{margin-top: -5% !important;}&#8221;][vc_btn title=&#8221;TESSERA SANITARIA &#8211; ASL&#8221; color=&#8221;primary&#8221; size=&#8221;xs&#8221; align=&#8221;center&#8221; button_block=&#8221;true&#8221; link=&#8221;url:https%3A%2F%2Fwww.diocesidiroma.it%2Fsostentamentocleroroma%2Findex.php%2Fsacerdoti%2Fsacerdoti-tesserasanitaria%2F|title:SEZIONE%20SACERDOTI||&#8221; css=&#8221;.vc_custom_1680004573677{margin-top: -5% !important;}&#8221;][vc_btn title=&#8221;ASSISTENZA DOMESTICA&#8221; color=&#8221;primary&#8221; size=&#8221;xs&#8221; align=&#8221;center&#8221; button_block=&#8221;true&#8221; link=&#8221;url:https%3A%2F%2Fwww.diocesidiroma.it%2Fsostentamentocleroroma%2Findex.php%2Fsacerdoti-assistenza-domestica%2F|title:SEZIONE%20SACERDOTI||&#8221; css=&#8221;.vc_custom_1680004578596{margin-top: -5% !important;}&#8221;][vc_btn title=&#8221;ASSISTENZA FISCALE&#8221; color=&#8221;primary&#8221; size=&#8221;xs&#8221; align=&#8221;center&#8221; button_block=&#8221;true&#8221; link=&#8221;url:https%3A%2F%2Fwww.diocesidiroma.it%2Fsostentamentocleroroma%2Findex.php%2Fsacerdoti%2Fsacerdoti-assistenzafiscale%2F|title:ASSISTENZA%20FISCALE||&#8221; css=&#8221;.vc_custom_1680004583357{margin-top: -5% !important;}&#8221;][vc_btn title=&#8221;ASSISTENZA FISCALE&#8221; color=&#8221;primary&#8221; size=&#8221;xs&#8221; align=&#8221;center&#8221; button_block=&#8221;true&#8221; link=&#8221;url:https%3A%2F%2Fwww.diocesidiroma.it%2Fsostentamentocleroroma%2Findex.php%2Fsacerdoti%2Fsacerdoti-assistenzafiscale%2F|title:ASSISTENZA%20FISCALE||&#8221; css=&#8221;.vc_custom_1680004583357{margin-top: -5% !important;}&#8221;][vc_btn title=&#8221;INDENNIT\u00c0 DI ALLOGGIO&#8221; color=&#8221;primary&#8221; size=&#8221;xs&#8221; align=&#8221;center&#8221; button_block=&#8221;true&#8221; link=&#8221;url:https%3A%2F%2Fwww.diocesidiroma.it%2Fsostentamentocleroroma%2Findex.php%2Fsacerdoti%2Fsacerdoti-indennitadialloggio%2F|title:ASSISTENZA%20FISCALE||&#8221; css=&#8221;.vc_custom_1680004588030{margin-top: -5% !important;}&#8221;][vc_btn title=&#8221;FONDO CLERO INPS&#8221; color=&#8221;primary&#8221; size=&#8221;xs&#8221; align=&#8221;center&#8221; button_block=&#8221;true&#8221; link=&#8221;url:https%3A%2F%2Fwww.diocesidiroma.it%2Fsostentamentocleroroma%2Findex.php%2Fsacerdoti%2Fsacerdoti-fondoclero%2F|title:SEZIONE%20SACERDOTI||&#8221; css=&#8221;.vc_custom_1680176559319{margin-top: -5% !important;}&#8221;][vc_btn title=&#8221;PREVIDENZA INTEGRATIVA C.E.I. &#8221; color=&#8221;primary&#8221; size=&#8221;xs&#8221; align=&#8221;center&#8221; button_block=&#8221;true&#8221; link=&#8221;url:https%3A%2F%2Fwww.diocesidiroma.it%2Fsostentamentocleroroma%2Findex.php%2Fsacerdoti%2Fpia%2F|title:SEZIONE%20SACERDOTI||&#8221; css=&#8221;.vc_custom_1680176536992{margin-top: -5% !important;}&#8221;][vc_btn title=&#8221;VERSAMENTI&#8221; color=&#8221;primary&#8221; size=&#8221;xs&#8221; align=&#8221;center&#8221; button_block=&#8221;true&#8221; link=&#8221;url:https%3A%2F%2Fwww.diocesidiroma.it%2Fsostentamentocleroroma%2Findex.php%2Fsacerdoti%2Fsacerdoti-versamenti%2F|title:SEZIONE%20SACERDOTI||&#8221; css=&#8221;.vc_custom_1680004601743{margin-top: -5% !important;}&#8221;][vc_btn title=&#8221;DOMANDE RICORRENTI&#8221; color=&#8221;primary&#8221; size=&#8221;xs&#8221; align=&#8221;center&#8221; button_block=&#8221;true&#8221; link=&#8221;url:https%3A%2F%2Fwww.diocesidiroma.it%2Fsostentamentocleroroma%2Findex.php%2Fsacerdoti%2Ffaq%2F|title:SEZIONE%20SACERDOTI||&#8221; css=&#8221;.vc_custom_1683115270610{margin-top: -5% !important;}&#8221;][vc_btn title=&#8221; DICHIARAZIONE ANNUALE&#8221; color=&#8221;primary&#8221; size=&#8221;xs&#8221; align=&#8221;center&#8221; button_block=&#8221;true&#8221; link=&#8221;url:https%3A%2F%2Fwww.diocesidiroma.it%2Fsostentamentocleroroma%2Findex.php%2Fsacerdoti%2Fdichiarazione%2Fdiocesidiroma%2F|title:SEZIONE%20SACERDOTI||&#8221; css=&#8221;.vc_custom_1706624795761{margin-top: -5% !important;}&#8221;][\/vc_column][vc_column width=&#8221;3\/4&#8243;][vc_column_text]<\/p>\n<h5 style=\"text-align: center; font-family: footlight mt;\">DOMANDE RICORRENTI<\/h5>\n<p>[\/vc_column_text][vc_column_text css=&#8221;.vc_custom_1655275709454{margin-top: 2% !important;}&#8221;]<\/p>\n<p style=\"text-align: justify;\"><span style=\"font-family: footlight mt; font-size: large;\">In questa sezione sono pubblicate le risposte ai quesiti pi\u00f9 frequentemente rivolti all&#8217; Istituto del Sostentamento del Clero. Nel caso in cui non sia presente una domanda specifica, si prega di scrivere un&#8217;email all&#8217;indirizzo sacerdoti@sostentamentocleroroma.it .<\/span><\/p>\n<p>[\/vc_column_text][vc_toggle title=&#8221;QUALE REMUNERAZIONE DEVE DARE LA PARROCCHIA AL PARROCO E AI SUOI VICARI?&#8221; custom_font_container=&#8221;tag:div|text_align:left&#8221; custom_google_fonts=&#8221;font_family:Crimson%20Text%3Aregular%2Citalic%2C600%2C600italic%2C700%2C700italic|font_style:400%20regular%3A400%3Anormal&#8221; use_custom_heading=&#8221;true&#8221; css=&#8221;.vc_custom_1749723801625{margin-top: -2% !important;}&#8221;]<\/p>\n<p style=\"text-align: justify;\"><span style=\"font-family: footlight mt; font-size: large;\">Per \u201cremunerazione di base\u201d si intende un ammontare di denaro (c.d. \u201cquota parte\u201d) di entit\u00e0 variabile, che la Parrocchia o altro ente diocesano presso il quale il Sacerdote svolge il suo ufficio canonico (come ad es. rettoria, associazione, confraternita, missione con cura d\u2019anime, ecc.) versa ogni mese direttamente al Sacerdote. Questa remunerazione di base, insieme ad eventuali stipendi o pensioni percepiti, viene computata, secondo le normative C.E.I, per il calcolo dell\u2019integrazione mensile spettante al Sacerdote per il sostentamento. Tale \u201cremunerazione di base\u201d costituisce reddito e pertanto \u00e8 sottoposta a tassazione fiscale e contabilizzata nella Certificazione Unica annuale rilasciata dall\u2019Istituto Centrale del Sostentamento del Clero. <\/span><\/p>\n<p style=\"text-align: justify;\"><span style=\"font-family: footlight mt; font-size: large;\">La \u201cremunerazione di base\u201d, che viene fissata dall\u2019Ordinario diocesano a seconda della capacit\u00e0 economia dell\u2019Ente e della popolazione, deve essere versata al Sacerdote ogni mese, sia durante il periodo di ferie canoniche, sia nell\u2019eventuale tempo di esercizio del ministero svolto fuori Parrocchia ( o altro ente ecclesiastico), in occasione di campi estivi, pellegrinaggi, ecc., purch\u00e9 svolti per conto dell\u2019ente diocesano dove il Sacerdote presta servizio.<\/span><\/p>\n<p style=\"text-align: justify;\"><span style=\"font-family: footlight mt; font-size: large;\">L\u2019Ufficio Amministrativo del Vicariato di Roma pu\u00f2 fornire i riferimenti formali per determinare l\u2019esatto ammontare della quota parte (remunerazione di base) che i singoli Enti devono corrispondere al Sacerdote, in quanto deputato alla redazione del relativo decreto amministrativo. Per qualsiasi informazione in merito \u00e8 possibile contattare l\u2019Ufficio Amministrativo, tel. 0669895027, email: ufficioamministrativo@diocesidiroma.it.<\/span><\/p>\n<p style=\"text-align: justify;\"><span style=\"font-family: footlight mt; font-size: large;\">Pertanto con remunerazione di base non si intende l\u2019integrazione mensile corrisposta tramite bonifico bancario dall\u2019Istituto Centrale del Sostentamento del Clero.<\/span><\/p>\n<p>[\/vc_toggle][vc_toggle title=&#8221;CHE COS\u2019\u00c8 IL FONDO SPECIALE DI SOLIDARIET\u00c0 FRATERNA?&#8221; custom_font_container=&#8221;tag:div|text_align:left&#8221; custom_google_fonts=&#8221;font_family:Crimson%20Text%3Aregular%2Citalic%2C600%2C600italic%2C700%2C700italic|font_style:400%20regular%3A400%3Anormal&#8221; use_custom_heading=&#8221;true&#8221; css=&#8221;.vc_custom_1749723821362{margin-top: -2% !important;}&#8221;]<\/p>\n<p style=\"text-align: justify;\"><span style=\"font-family: footlight mt; font-size: large;\">Il 1\u00b0 gennaio 1973 \u00e8 stato costituito presso il Vicariato di Roma un &#8220;Fondo Speciale di Solidariet\u00e0 Fraterna tra il Clero della Diocesi di Roma&#8221; a favore dei membri del clero diocesano, incardinati nella Diocesi di Roma o che comunque abbiano svolto il ministero al servizio della stessa, secondo quanto disposto dal Regolamento vigente.<\/span><\/p>\n<p style=\"text-align: justify;\"><span style=\"font-family: footlight mt; font-size: large;\">Il Fondo si prefigge di garantire ai Sacerdoti anziani, malati o invalidi non pi\u00f9 in servizio attivo, un contributo mensile variabile di carattere integrativo rispetto a quanto essi gi\u00e0 ricevono da altri Enti (a titolo di previdenza per malattia, invalidit\u00e0 o vecchiaia) o da altre fonti di reddito o risorse personali di carattere non occasionale.<br \/>\nPossono chiedere di aderire al Fondo Speciale di Solidariet\u00e0 Fraterna tutti i Sacerdoti incardinati nella Diocesi di Roma, entro cinque anni dalla data di ordinazione, o di incardinazione se precedentemente incardinati altrove; nonch\u00e9 i sacerdoti incardinati in altre Diocesi che prestino il loro servizio a favore della Diocesi di Roma da almeno dieci anni, a tempo pieno, con ufficio conferito loro dal Cardinale Vicario. Le richieste vengono valutate da una Commissione a ci\u00f2 preposta.<\/span><\/p>\n<p style=\"text-align: justify;\"><span style=\"font-family: footlight mt; font-size: large;\">L\u2019iscrizione al Fondo Speciale di Solidariet\u00e0 avviene in spirito di solidariet\u00e0 e prevede una quota annuale stabilita dalla Commissione che amministra il fondo stesso.<\/span><\/p>\n<p style=\"text-align: justify;\"><span style=\"font-family: footlight mt; font-size: large;\">Per qualsiasi informazione \u00e8 possibile rivolgersi all\u2019Ufficio Amministrativo del Vicariato di Roma (tel. 06.69895027).<\/span><\/p>\n<p>[\/vc_toggle][vc_toggle title=&#8221;LE OFFERTE PER LA CELEBRAZIONE DELLE SS. MESSE COSTITUISCONO PARTE DELLE REMUNERAZIONE?&#8221; custom_font_container=&#8221;tag:div|text_align:left&#8221; custom_google_fonts=&#8221;font_family:Crimson%20Text%3Aregular%2Citalic%2C600%2C600italic%2C700%2C700italic|font_style:400%20regular%3A400%3Anormal&#8221; use_custom_heading=&#8221;true&#8221; css=&#8221;.vc_custom_1749723830759{margin-top: -2% !important;}&#8221;]<\/p>\n<p style=\"text-align: justify;\"><span style=\"font-family: footlight mt; font-size: large;\">Senza entrare nel dettaglio della disciplina canonica vigente, in linea di principio e secondo le norme canoniche attuali le offerte elargite per la celebrazione di SS. Messe appartengono in via esclusiva al Sacerdote celebrante. Pertanto, esse non devono e non possono essere comprese nella remunerazione corrisposta dalla Parrocchia e\/o dall\u2019Ente presso cui il Sacerdote svolge il proprio servizio pastorale.<\/span><\/p>\n<p>[\/vc_toggle][vc_toggle title=&#8221;QUANTO DEVONO CORRISPONDERE I SACERDOTI ALLA PARROCCHIA PER IL VITTO E I SERVIZI?&#8221; custom_font_container=&#8221;tag:div|text_align:left&#8221; custom_google_fonts=&#8221;font_family:Crimson%20Text%3Aregular%2Citalic%2C600%2C600italic%2C700%2C700italic|font_style:400%20regular%3A400%3Anormal&#8221; use_custom_heading=&#8221;true&#8221; css=&#8221;.vc_custom_1749723837844{margin-top: -2% !important;}&#8221;]<\/p>\n<p style=\"text-align: justify;\"><span style=\"font-family: footlight mt; font-size: large;\">Secondo il Decreto prot. n. 80\/02\/AMM del 10 gennaio 2002, i Sacerdoti Diocesani che conducono vita comune nella casa parrocchiale sono tenuti al rimborso della quota per le spese di vitto e servizi, determinata forfetariamente in 220,00 \u20ac mensili.\u00a0 Per qualsiasi ulteriore informazione \u00e8 possibile contattare l\u2019Ufficio Amministrativo del Vicariato di Roma ( tel. 0669895027, email: ufficioamministrativo@diocesidiroma.it )<\/span><\/p>\n<p>[\/vc_toggle][vc_toggle title=&#8221;COME CAMBIARE LA DESTINAZIONE DELLE DETRAZIONI FISCALI?&#8221; custom_font_container=&#8221;tag:div|text_align:left&#8221; custom_google_fonts=&#8221;font_family:Crimson%20Text%3Aregular%2Citalic%2C600%2C600italic%2C700%2C700italic|font_style:400%20regular%3A400%3Anormal&#8221; use_custom_heading=&#8221;true&#8221; css=&#8221;.vc_custom_1770194276455{margin-top: -2% !important;}&#8221;]<\/p>\n<p style=\"text-align: justify;\"><span style=\"font-family: footlight mt; font-size: large;\">Al fine di una corretta integrazione da parte del Sostentamento del Clero, i Sacerdoti che intendono modificare la destinazione delle detrazioni fiscali dovranno prontamente darne comunicazione a codesto Istituto, compilando i moduli sotto riportati e consegnandoli presso gli uffici del Sostentamento del Clero, negli orari di apertura al pubblico.<\/span><\/p>\n<p><a class=\"vc_general vc_btn3 vc_btn3-size-xs vc_btn3-shape-rounded vc_btn3-style-modern vc_btn3-color-primary\" title=\"\" href=\"https:\/\/www.diocesidiroma.it\/sostentamentocleroroma\/wp-content\/uploads\/2026\/02\/NEWAllegato_2_-_Modulo_richiesta_detrazioni_icsc-2026editable.pdf\" rel=\"noopener\"><span style=\"font-family: footlight mt; font-size: medium;\">MODULO DI RICHIESTA PER FRUIRE DELLE DETRAZIONE FISCALI<\/span><\/a><\/p>\n<p><a class=\"vc_general vc_btn3 vc_btn3-size-xs vc_btn3-shape-rounded vc_btn3-style-modern vc_btn3-color-primary\" title=\"\" href=\"https:\/\/www.diocesidiroma.it\/sostentamentocleroroma\/wp-content\/uploads\/2025\/11\/Allegato-3-detrazioni-aliquota-maggiorata-trattamento-integrativo-modulo-revoca-2026-editabile.pdf\" rel=\"noopener\"><span style=\"font-family: footlight mt; font-size: medium;\">MODULO DI RICHIESTA PER NON FRUIRE O PER REVOCARE LE DETRAZIONE FISCALI<\/span><\/a>[\/vc_toggle][vc_toggle title=&#8221;COME EFFETTUARE UNA VARIAZIONE DELLE PROPRIE COORDINATE BANCARIE?&#8221; custom_font_container=&#8221;tag:div|text_align:left&#8221; custom_google_fonts=&#8221;font_family:Crimson%20Text%3Aregular%2Citalic%2C600%2C600italic%2C700%2C700italic|font_style:400%20regular%3A400%3Anormal&#8221; use_custom_heading=&#8221;true&#8221; css=&#8221;.vc_custom_1749723875916{margin-top: -2% !important;}&#8221;]<\/p>\n<p style=\"text-align: justify;\"><span style=\"font-family: footlight mt; font-size: large;\">I Sacerdoti che desiderano variare le proprie coordinate bancarie ai fini dell&#8217;integrazione del Sostentamento del Clero, dovranno recarsi presso gli uffici dell&#8217;Istituto, negli orari di apertura al pubblico, compilando e sottoscrivendo il modulo dichiarazione IBAN di seguito indicato e presentando un documento di identit\u00e0 in corso di validit\u00e0 (carta d&#8217;identit\u00e0 o passaporto).<\/span><\/p>\n<p><a class=\"vc_general vc_btn3 vc_btn3-size-xs vc_btn3-shape-rounded vc_btn3-style-modern vc_btn3-color-primary\" title=\"\" href=\"https:\/\/www.diocesidiroma.it\/sostentamentocleroroma\/wp-content\/uploads\/2024\/09\/Modulo-dichiarazione-IBAN-aggiornato-al-01.09.2024.pdf\" rel=\"noopener\"><span style=\"font-family: footlight mt; font-size: medium;\">MODULO DICHIARAZIONE IBAN<\/span><\/a><\/p>\n<p><span style=\"font-family: footlight mt; font-size: large;\"> Si tenga presente di non chiudere il vecchio conto bancario fino alla ricezione della prima integrazione nel nuovo conto bancario comunicato.<\/span>[\/vc_toggle][vc_column_text]<\/p>\n<p>&nbsp;<\/p>\n<p>[\/vc_column_text][\/vc_column][\/vc_row]<\/p>\n","protected":false},"excerpt":{"rendered":"<p>[vc_row css=&#8221;.vc_custom_1643019192757{background-position: center !important;background-repeat: no-repeat !important;background-size: cover !important;}&#8221;][vc_column width=&#8221;1\/4&#8243; css=&#8221;.vc_custom_1647952603164{background: rgba(0,0,0,0.01) url(https:\/\/www.diocesidiroma.it\/sostentamentocleroroma\/wp-content\/uploads\/2022\/01\/blu.jpg?id=5389) !important;*background-color: rgb(0,0,0) !important;}&#8221;][vc_btn title=&#8221;ISCRIZIONI E VARIAZIONI&#8221; color=&#8221;primary&#8221; size=&#8221;xs&#8221; align=&#8221;center&#8221; button_block=&#8221;true&#8221; link=&#8221;url:https%3A%2F%2Fwww.diocesidiroma.it%2Fsostentamentocleroroma%2Findex.php%2Fsacerdoti%2Fsacerdoti-iscrizione%2F|title:SEZIONE%20SACERDOTI||&#8221; css=&#8221;.vc_custom_1683115263330{margin-top: 14% !important;}&#8221;][vc_btn title=&#8221;PORTALE &#8211; SERVIZI AL SACERDOTE&#8221; color=&#8221;primary&#8221; size=&#8221;xs&#8221; align=&#8221;center&#8221; button_block=&#8221;true&#8221; link=&#8221;url:https%3A%2F%2Fwww.diocesidiroma.it%2Fsostentamentocleroroma%2Findex.php%2Fsacerdoti%2Fsacerdoti-area-personale%2F|title:SEZIONE%20SACERDOTI||&#8221; css=&#8221;.vc_custom_1680004564941{margin-top: -5% !important;}&#8221;][vc_btn title=&#8221;ASSISTENZA SANITARIA&#8221; color=&#8221;primary&#8221; size=&#8221;xs&#8221; align=&#8221;center&#8221; button_block=&#8221;true&#8221; link=&#8221;url:https%3A%2F%2Fwww.diocesidiroma.it%2Fsostentamentocleroroma%2Findex.php%2Fsacerdoti%2Fsacerdoti-polizza-sanitaria%2F|title:SEZIONE%20SACERDOTI||&#8221; css=&#8221;.vc_custom_1691141572467{margin-top: -5% !important;}&#8221;][vc_btn title=&#8221;TESSERA SANITARIA &#8211; ASL&#8221; color=&#8221;primary&#8221; size=&#8221;xs&#8221; [&hellip;]<\/p>\n","protected":false},"author":2,"featured_media":0,"parent":5513,"menu_order":0,"comment_status":"closed","ping_status":"closed","template":"page-templates\/page_fullwidth.php","meta":{"footnotes":""},"class_list":["post-6568","page","type-page","status-publish","hentry"],"_links":{"self":[{"href":"https:\/\/www.diocesidiroma.it\/sostentamentocleroroma\/index.php\/wp-json\/wp\/v2\/pages\/6568","targetHints":{"allow":["GET"]}}],"collection":[{"href":"https:\/\/www.diocesidiroma.it\/sostentamentocleroroma\/index.php\/wp-json\/wp\/v2\/pages"}],"about":[{"href":"https:\/\/www.diocesidiroma.it\/sostentamentocleroroma\/index.php\/wp-json\/wp\/v2\/types\/page"}],"author":[{"embeddable":true,"href":"https:\/\/www.diocesidiroma.it\/sostentamentocleroroma\/index.php\/wp-json\/wp\/v2\/users\/2"}],"replies":[{"embeddable":true,"href":"https:\/\/www.diocesidiroma.it\/sostentamentocleroroma\/index.php\/wp-json\/wp\/v2\/comments?post=6568"}],"version-history":[{"count":92,"href":"https:\/\/www.diocesidiroma.it\/sostentamentocleroroma\/index.php\/wp-json\/wp\/v2\/pages\/6568\/revisions"}],"predecessor-version":[{"id":14151,"href":"https:\/\/www.diocesidiroma.it\/sostentamentocleroroma\/index.php\/wp-json\/wp\/v2\/pages\/6568\/revisions\/14151"}],"up":[{"embeddable":true,"href":"https:\/\/www.diocesidiroma.it\/sostentamentocleroroma\/index.php\/wp-json\/wp\/v2\/pages\/5513"}],"wp:attachment":[{"href":"https:\/\/www.diocesidiroma.it\/sostentamentocleroroma\/index.php\/wp-json\/wp\/v2\/media?parent=6568"}],"curies":[{"name":"wp","href":"https:\/\/api.w.org\/{rel}","templated":true}]}}